{"id":7305,"date":"2024-08-02T08:18:07","date_gmt":"2024-08-02T08:18:07","guid":{"rendered":"https:\/\/kobra.si\/?page_id=7305"},"modified":"2025-06-02T16:57:27","modified_gmt":"2025-06-02T14:57:27","slug":"o-nas-telekomunikacijske-storitve","status":"publish","type":"page","link":"https:\/\/kobra.si\/en\/o-nas-telekomunikacijske-storitve\/","title":{"rendered":"Company presentation"},"content":{"rendered":"\t\t<div data-elementor-type=\"wp-page\" data-elementor-id=\"7305\" class=\"elementor elementor-7305\" data-elementor-post-type=\"page\">\n\t\t\t\t<div class=\"elementor-element elementor-element-e865c23 e-flex e-con-boxed e-con e-parent\" data-id=\"e865c23\" data-element_type=\"container\" data-e-type=\"container\" id=\"Predstavitev-podjetja\" data-settings=\"{&quot;background_background&quot;:&quot;classic&quot;,&quot;background_motion_fx_motion_fx_scrolling&quot;:&quot;yes&quot;,&quot;background_motion_fx_translateY_effect&quot;:&quot;yes&quot;,&quot;background_motion_fx_translateY_speed&quot;:{&quot;unit&quot;:&quot;px&quot;,&quot;size&quot;:7,&quot;sizes&quot;:[]},&quot;background_motion_fx_translateY_affectedRange&quot;:{&quot;unit&quot;:&quot;%&quot;,&quot;size&quot;:&quot;&quot;,&quot;sizes&quot;:{&quot;start&quot;:0,&quot;end&quot;:100}},&quot;background_motion_fx_devices&quot;:[&quot;desktop&quot;,&quot;tablet&quot;,&quot;mobile&quot;]}\">\n\t\t\t\t\t<div class=\"e-con-inner\">\n\t\t<div class=\"elementor-element elementor-element-b6c652b e-con-full e-flex e-con e-child\" data-id=\"b6c652b\" data-element_type=\"container\" data-e-type=\"container\" data-settings=\"{&quot;background_background&quot;:&quot;classic&quot;}\">\n\t\t\t\t<div class=\"elementor-element elementor-element-9431148 elementor-widget elementor-widget-heading\" data-id=\"9431148\" data-element_type=\"widget\" data-e-type=\"widget\" data-widget_type=\"heading.default\">\n\t\t\t\t<div class=\"elementor-widget-container\">\n\t\t\t\t\t<h1 class=\"elementor-heading-title elementor-size-default\">Predstavitev podjetja<\/h1>\t\t\t\t<\/div>\n\t\t\t\t<\/div>\n\t\t\t\t<div class=\"elementor-element elementor-element-1261702 elementor-widget elementor-widget-text-editor\" data-id=\"1261702\" data-element_type=\"widget\" data-e-type=\"widget\" data-widget_type=\"text-editor.default\">\n\t\t\t\t<div class=\"elementor-widget-container\">\n\t\t\t\t\t\t\t\t\t<p>Ponujamo kakovostne in zanesljive telekomunikacijske storitve in izdelke. Razvijamo tudi lastne blagovne znamke, ki temeljijo na uporabnosti, enostavnem upravljanju na daljavo in brez\u017ei\u010dnosti. Smo poobla\u0161\u010deni prodajalec Telekoma Slovenije.<\/p>\t\t\t\t\t\t\t\t<\/div>\n\t\t\t\t<\/div>\n\t\t\t\t<div class=\"elementor-element elementor-element-cad1036 elementor-hidden-desktop elementor-hidden-tablet elementor-hidden-mobile elementor-widget elementor-widget-heading\" data-id=\"cad1036\" data-element_type=\"widget\" data-e-type=\"widget\" data-widget_type=\"heading.default\">\n\t\t\t\t<div class=\"elementor-widget-container\">\n\t\t\t\t\t<h2 class=\"elementor-heading-title elementor-size-default\">Telekomunikacijske storitve<\/h2>\t\t\t\t<\/div>\n\t\t\t\t<\/div>\n\t\t<div class=\"elementor-element elementor-element-faa8112 e-con-full e-flex e-con e-child\" data-id=\"faa8112\" data-element_type=\"container\" data-e-type=\"container\">\n\t\t\t\t<div class=\"elementor-element elementor-element-0c55546 elementor-widget__width-auto elementor-widget elementor-widget-button\" data-id=\"0c55546\" data-element_type=\"widget\" data-e-type=\"widget\" data-widget_type=\"button.default\">\n\t\t\t\t<div class=\"elementor-widget-container\">\n\t\t\t\t\t\t\t\t\t<div class=\"elementor-button-wrapper\">\n\t\t\t\t\t<a class=\"elementor-button elementor-button-link elementor-size-sm\" href=\"https:\/\/kobra.si\/izdelki-mobilna-telefonija\/\">\n\t\t\t\t\t\t<span class=\"elementor-button-content-wrapper\">\n\t\t\t\t\t\t\t\t\t<span class=\"elementor-button-text\">Izdelki Kobra<\/span>\n\t\t\t\t\t<\/span>\n\t\t\t\t\t<\/a>\n\t\t\t\t<\/div>\n\t\t\t\t\t\t\t\t<\/div>\n\t\t\t\t<\/div>\n\t\t\t\t<div class=\"elementor-element elementor-element-c2c6eca elementor-widget__width-auto elementor-widget elementor-widget-button\" data-id=\"c2c6eca\" data-element_type=\"widget\" data-e-type=\"widget\" data-widget_type=\"button.default\">\n\t\t\t\t<div class=\"elementor-widget-container\">\n\t\t\t\t\t\t\t\t\t<div class=\"elementor-button-wrapper\">\n\t\t\t\t\t<a class=\"elementor-button elementor-button-link elementor-size-sm\" href=\"https:\/\/kobra.si\/storitve-mobilna-telefonija\/\">\n\t\t\t\t\t\t<span class=\"elementor-button-content-wrapper\">\n\t\t\t\t\t\t\t\t\t<span class=\"elementor-button-text\">Storitve Kobra<\/span>\n\t\t\t\t\t<\/span>\n\t\t\t\t\t<\/a>\n\t\t\t\t<\/div>\n\t\t\t\t\t\t\t\t<\/div>\n\t\t\t\t<\/div>\n\t\t\t\t<div class=\"elementor-element elementor-element-5b90f2b elementor-widget__width-auto elementor-widget elementor-widget-button\" data-id=\"5b90f2b\" data-element_type=\"widget\" data-e-type=\"widget\" data-widget_type=\"button.default\">\n\t\t\t\t<div class=\"elementor-widget-container\">\n\t\t\t\t\t\t\t\t\t<div class=\"elementor-button-wrapper\">\n\t\t\t\t\t<a class=\"elementor-button elementor-button-link elementor-size-sm\" href=\"https:\/\/kobra.si\/spletna-trgovina-kobra\/\">\n\t\t\t\t\t\t<span class=\"elementor-button-content-wrapper\">\n\t\t\t\t\t\t\t\t\t<span class=\"elementor-button-text\">Trgovina<\/span>\n\t\t\t\t\t<\/span>\n\t\t\t\t\t<\/a>\n\t\t\t\t<\/div>\n\t\t\t\t\t\t\t\t<\/div>\n\t\t\t\t<\/div>\n\t\t\t\t<\/div>\n\t\t\t\t<\/div>\n\t\t\t\t\t<\/div>\n\t\t\t\t<\/div>\n\t\t<div class=\"elementor-element elementor-element-a5c83c3 e-flex e-con-boxed e-con e-parent\" data-id=\"a5c83c3\" data-element_type=\"container\" data-e-type=\"container\">\n\t\t\t\t\t<div class=\"e-con-inner\">\n\t\t<div class=\"elementor-element elementor-element-3e696ab e-con-full e-flex e-con e-child\" data-id=\"3e696ab\" data-element_type=\"container\" data-e-type=\"container\">\n\t\t<div class=\"elementor-element elementor-element-80b6adf e-con-full e-flex e-con e-child\" data-id=\"80b6adf\" data-element_type=\"container\" data-e-type=\"container\">\n\t\t\t\t<div class=\"elementor-element elementor-element-b163478 e-transform elementor-headline--style-highlight elementor-widget elementor-widget-animated-headline\" data-id=\"b163478\" data-element_type=\"widget\" data-e-type=\"widget\" data-settings=\"{&quot;marker&quot;:&quot;underline&quot;,&quot;highlighted_text&quot;:&quot;2020&quot;,&quot;_transform_scale_effect_mobile&quot;:{&quot;unit&quot;:&quot;px&quot;,&quot;size&quot;:0.8,&quot;sizes&quot;:[]},&quot;headline_style&quot;:&quot;highlight&quot;,&quot;highlight_animation_duration&quot;:1200,&quot;_transform_scale_effect&quot;:{&quot;unit&quot;:&quot;px&quot;,&quot;size&quot;:&quot;&quot;,&quot;sizes&quot;:[]},&quot;_transform_scale_effect_tablet&quot;:{&quot;unit&quot;:&quot;px&quot;,&quot;size&quot;:&quot;&quot;,&quot;sizes&quot;:[]}}\" data-widget_type=\"animated-headline.default\">\n\t\t\t\t<div class=\"elementor-widget-container\">\n\t\t\t\t\t\t\t<h3 class=\"elementor-headline\">\n\t\t\t\t<span class=\"elementor-headline-dynamic-wrapper elementor-headline-text-wrapper\">\n\t\t\t\t\t<span class=\"elementor-headline-dynamic-text elementor-headline-text-active\">2020<\/span>\n\t\t\t\t<\/span>\n\t\t\t\t<\/h3>\n\t\t\t\t\t\t<\/div>\n\t\t\t\t<\/div>\n\t\t\t\t<\/div>\n\t\t<div class=\"elementor-element elementor-element-487c70f e-con-full e-flex e-con e-child\" data-id=\"487c70f\" data-element_type=\"container\" data-e-type=\"container\">\n\t\t\t\t<div class=\"elementor-element elementor-element-619aaab elementor-widget elementor-widget-text-editor\" data-id=\"619aaab\" data-element_type=\"widget\" data-e-type=\"widget\" data-widget_type=\"text-editor.default\">\n\t\t\t\t<div class=\"elementor-widget-container\">\n\t\t\t\t\t\t\t\t\tPodjetje prenovi poslovalnico po celostni grafi\u010dni podobi Telekoma Slovenije.\t\t\t\t\t\t\t\t<\/div>\n\t\t\t\t<\/div>\n\t\t\t\t<\/div>\n\t\t\t\t<\/div>\n\t\t<div class=\"elementor-element elementor-element-e8ae8e7 e-con-full e-flex e-con e-child\" data-id=\"e8ae8e7\" data-element_type=\"container\" data-e-type=\"container\">\n\t\t<div class=\"elementor-element elementor-element-8d93501 e-con-full e-flex e-con e-child\" data-id=\"8d93501\" data-element_type=\"container\" data-e-type=\"container\">\n\t\t\t\t<div class=\"elementor-element elementor-element-0e5a2c4 elementor-widget elementor-widget-heading\" data-id=\"0e5a2c4\" data-element_type=\"widget\" data-e-type=\"widget\" data-widget_type=\"heading.default\">\n\t\t\t\t<div class=\"elementor-widget-container\">\n\t\t\t\t\t<h3 class=\"elementor-heading-title elementor-size-default\">2011<\/h3>\t\t\t\t<\/div>\n\t\t\t\t<\/div>\n\t\t\t\t<\/div>\n\t\t<div class=\"elementor-element elementor-element-a8de916 e-con-full e-flex e-con e-child\" data-id=\"a8de916\" data-element_type=\"container\" data-e-type=\"container\">\n\t\t\t\t<div class=\"elementor-element elementor-element-7b3b5e8 elementor-widget elementor-widget-text-editor\" data-id=\"7b3b5e8\" data-element_type=\"widget\" data-e-type=\"widget\" data-widget_type=\"text-editor.default\">\n\t\t\t\t<div class=\"elementor-widget-container\">\n\t\t\t\t\t\t\t\t\tPodjetje se preseli na novo lokacijo v poslovno cono \u0160entjerneja, kjer zgradijo visokotehnolo\u0161ko stavbo, ki je tudi energijsko samozadostna. Kobra Team, d.o.o., v celoti zamenja celostno podobo podjetja.\t\t\t\t\t\t\t\t<\/div>\n\t\t\t\t<\/div>\n\t\t\t\t<\/div>\n\t\t\t\t<\/div>\n\t\t<div class=\"elementor-element elementor-element-a24f6d2 e-con-full e-flex e-con e-child\" data-id=\"a24f6d2\" data-element_type=\"container\" data-e-type=\"container\">\n\t\t<div class=\"elementor-element elementor-element-9ce7500 e-con-full e-flex e-con e-child\" data-id=\"9ce7500\" data-element_type=\"container\" data-e-type=\"container\">\n\t\t\t\t<div class=\"elementor-element elementor-element-ea6977a elementor-widget elementor-widget-heading\" data-id=\"ea6977a\" data-element_type=\"widget\" data-e-type=\"widget\" data-widget_type=\"heading.default\">\n\t\t\t\t<div class=\"elementor-widget-container\">\n\t\t\t\t\t<span class=\"elementor-heading-title elementor-size-default\">1993<\/span>\t\t\t\t<\/div>\n\t\t\t\t<\/div>\n\t\t\t\t<\/div>\n\t\t<div class=\"elementor-element elementor-element-6dd8363 e-con-full e-flex e-con e-child\" data-id=\"6dd8363\" data-element_type=\"container\" data-e-type=\"container\">\n\t\t\t\t<div class=\"elementor-element elementor-element-db39acb elementor-widget elementor-widget-text-editor\" data-id=\"db39acb\" data-element_type=\"widget\" data-e-type=\"widget\" data-widget_type=\"text-editor.default\">\n\t\t\t\t<div class=\"elementor-widget-container\">\n\t\t\t\t\t\t\t\t\tPodjetje se preseli na novo lokacijo v poslovno cono \u0160entjerneja, kjer zgradijo visokotehnolo\u0161ko stavbo, ki je tudi energijsko samozadostna. Kobra Team, d.o.o., v celoti zamenja celostno podobo podjetja.\t\t\t\t\t\t\t\t<\/div>\n\t\t\t\t<\/div>\n\t\t\t\t<\/div>\n\t\t\t\t<\/div>\n\t\t<div class=\"elementor-element elementor-element-bd74cdd e-con-full e-flex e-con e-child\" data-id=\"bd74cdd\" data-element_type=\"container\" data-e-type=\"container\">\n\t\t<div class=\"elementor-element elementor-element-054dad2 e-con-full e-flex e-con e-child\" data-id=\"054dad2\" data-element_type=\"container\" data-e-type=\"container\">\n\t\t\t\t<div class=\"elementor-element elementor-element-b09c041 elementor-widget elementor-widget-heading\" data-id=\"b09c041\" data-element_type=\"widget\" data-e-type=\"widget\" data-widget_type=\"heading.default\">\n\t\t\t\t<div class=\"elementor-widget-container\">\n\t\t\t\t\t<span class=\"elementor-heading-title elementor-size-default\">1991<\/span>\t\t\t\t<\/div>\n\t\t\t\t<\/div>\n\t\t\t\t<\/div>\n\t\t<div class=\"elementor-element elementor-element-f4e39c8 e-con-full e-flex e-con e-child\" data-id=\"f4e39c8\" data-element_type=\"container\" data-e-type=\"container\">\n\t\t\t\t<div class=\"elementor-element elementor-element-3da7baf elementor-widget elementor-widget-text-editor\" data-id=\"3da7baf\" data-element_type=\"widget\" data-e-type=\"widget\" data-widget_type=\"text-editor.default\">\n\t\t\t\t<div class=\"elementor-widget-container\">\n\t\t\t\t\t\t\t\t\t<p>Z ustanovitvijo dru\u017ebe Mobitel, d.d., leta 1991 postanejo eden prvih poobla\u0161\u010denih zastopnikov za prodajo, monta\u017eo in servis mobilnih NMT in GSM telefonov na Dolenjskem.<\/p>\t\t\t\t\t\t\t\t<\/div>\n\t\t\t\t<\/div>\n\t\t\t\t<\/div>\n\t\t\t\t<\/div>\n\t\t<div class=\"elementor-element elementor-element-2dda28b e-con-full e-flex e-con e-child\" data-id=\"2dda28b\" data-element_type=\"container\" data-e-type=\"container\">\n\t\t<div class=\"elementor-element elementor-element-c009068 e-con-full e-flex e-con e-child\" data-id=\"c009068\" data-element_type=\"container\" data-e-type=\"container\">\n\t\t\t\t<div class=\"elementor-element elementor-element-be1392a elementor-widget elementor-widget-heading\" data-id=\"be1392a\" data-element_type=\"widget\" data-e-type=\"widget\" data-widget_type=\"heading.default\">\n\t\t\t\t<div class=\"elementor-widget-container\">\n\t\t\t\t\t<h3 class=\"elementor-heading-title elementor-size-default\">1989<\/h3>\t\t\t\t<\/div>\n\t\t\t\t<\/div>\n\t\t\t\t<\/div>\n\t\t<div class=\"elementor-element elementor-element-5f0b3e4 e-con-full e-flex e-con e-child\" data-id=\"5f0b3e4\" data-element_type=\"container\" data-e-type=\"container\">\n\t\t\t\t<div class=\"elementor-element elementor-element-7dc93b3 elementor-widget elementor-widget-text-editor\" data-id=\"7dc93b3\" data-element_type=\"widget\" data-e-type=\"widget\" data-widget_type=\"text-editor.default\">\n\t\t\t\t<div class=\"elementor-widget-container\">\n\t\t\t\t\t\t\t\t\t<p>Po dvanajstih letih za\u010dnejo v podjetju prodajati telefone, najprej klasi\u010dne, nato prenosne, in \u017ee leta 1989 na mestu nekdanjega starega gospodarskega poslopja postavijo ve\u010djo stavbo s prodajnim salonom in gara\u017eo, kjer opravljajo popravila in monta\u017eo.<\/p>\t\t\t\t\t\t\t\t<\/div>\n\t\t\t\t<\/div>\n\t\t\t\t<\/div>\n\t\t\t\t<\/div>\n\t\t<div class=\"elementor-element elementor-element-f3f60a5 e-con-full e-flex e-con e-child\" data-id=\"f3f60a5\" data-element_type=\"container\" data-e-type=\"container\">\n\t\t<div class=\"elementor-element elementor-element-3473f79 e-con-full e-flex e-con e-child\" data-id=\"3473f79\" data-element_type=\"container\" data-e-type=\"container\">\n\t\t\t\t<div class=\"elementor-element elementor-element-54b27b2 elementor-widget elementor-widget-heading\" data-id=\"54b27b2\" data-element_type=\"widget\" data-e-type=\"widget\" data-widget_type=\"heading.default\">\n\t\t\t\t<div class=\"elementor-widget-container\">\n\t\t\t\t\t<h3 class=\"elementor-heading-title elementor-size-default\">1986<\/h3>\t\t\t\t<\/div>\n\t\t\t\t<\/div>\n\t\t\t\t<\/div>\n\t\t<div class=\"elementor-element elementor-element-6bb2e61 e-con-full e-flex e-con e-child\" data-id=\"6bb2e61\" data-element_type=\"container\" data-e-type=\"container\">\n\t\t\t\t<div class=\"elementor-element elementor-element-b0bf4b1 elementor-widget elementor-widget-text-editor\" data-id=\"b0bf4b1\" data-element_type=\"widget\" data-e-type=\"widget\" data-widget_type=\"text-editor.default\">\n\t\t\t\t<div class=\"elementor-widget-container\">\n\t\t\t\t\t\t\t\t\t<p>Dejavnost se \u0161iri, v hi\u0161i leta 1986 za podjetje najde ve\u010dji prostor, saj se tudi \u0161tevilo zaposlenih pove\u010da na pet.<\/p>\t\t\t\t\t\t\t\t<\/div>\n\t\t\t\t<\/div>\n\t\t\t\t<\/div>\n\t\t\t\t<\/div>\n\t\t<div class=\"elementor-element elementor-element-b570ddc e-con-full e-flex e-con e-child\" data-id=\"b570ddc\" data-element_type=\"container\" data-e-type=\"container\">\n\t\t<div class=\"elementor-element elementor-element-04ffb4a e-con-full e-flex e-con e-child\" data-id=\"04ffb4a\" data-element_type=\"container\" data-e-type=\"container\">\n\t\t\t\t<div class=\"elementor-element elementor-element-4afe51f elementor-widget elementor-widget-heading\" data-id=\"4afe51f\" data-element_type=\"widget\" data-e-type=\"widget\" data-widget_type=\"heading.default\">\n\t\t\t\t<div class=\"elementor-widget-container\">\n\t\t\t\t\t<h3 class=\"elementor-heading-title elementor-size-default\">1985<\/h3>\t\t\t\t<\/div>\n\t\t\t\t<\/div>\n\t\t\t\t<\/div>\n\t\t<div class=\"elementor-element elementor-element-6f5ce84 e-con-full e-flex e-con e-child\" data-id=\"6f5ce84\" data-element_type=\"container\" data-e-type=\"container\">\n\t\t\t\t<div class=\"elementor-element elementor-element-eeb8239 elementor-widget elementor-widget-text-editor\" data-id=\"eeb8239\" data-element_type=\"widget\" data-e-type=\"widget\" data-widget_type=\"text-editor.default\">\n\t\t\t\t<div class=\"elementor-widget-container\">\n\t\t\t\t\t\t\t\t\t<p>Leta 1985 izdela prvi model brez\u017ei\u010dnega ozvo\u010denja Kolibri.<\/p><p>\u00a0<\/p>\t\t\t\t\t\t\t\t<\/div>\n\t\t\t\t<\/div>\n\t\t\t\t<\/div>\n\t\t\t\t<\/div>\n\t\t<div class=\"elementor-element elementor-element-d76a49e e-con-full e-flex e-con e-child\" data-id=\"d76a49e\" data-element_type=\"container\" data-e-type=\"container\">\n\t\t<div class=\"elementor-element elementor-element-d425663 e-con-full e-flex e-con e-child\" data-id=\"d425663\" data-element_type=\"container\" data-e-type=\"container\">\n\t\t\t\t<div class=\"elementor-element elementor-element-8fecd71 elementor-widget elementor-widget-heading\" data-id=\"8fecd71\" data-element_type=\"widget\" data-e-type=\"widget\" data-widget_type=\"heading.default\">\n\t\t\t\t<div class=\"elementor-widget-container\">\n\t\t\t\t\t<h3 class=\"elementor-heading-title elementor-size-default\">1982<\/h3>\t\t\t\t<\/div>\n\t\t\t\t<\/div>\n\t\t\t\t<\/div>\n\t\t<div class=\"elementor-element elementor-element-8cb75da e-con-full e-flex e-con e-child\" data-id=\"8cb75da\" data-element_type=\"container\" data-e-type=\"container\">\n\t\t\t\t<div class=\"elementor-element elementor-element-64f7d6c elementor-widget elementor-widget-text-editor\" data-id=\"64f7d6c\" data-element_type=\"widget\" data-e-type=\"widget\" data-widget_type=\"text-editor.default\">\n\t\t\t\t<div class=\"elementor-widget-container\">\n\t\t\t\t\t\t\t\t\t<p>Branko Kova\u010di\u010d se za\u010dne s svojo dejavnostjo ukvarjati kot ljubitelj elektronike. Kot elektrotehnik leta 1982, ko ima \u017ee nekaj \u010dasa popoldansko obrt, pusti slu\u017ebo v kostanjevi\u0161ki Iskri in za\u010dne na svoje, na desetih kvadratnih metrih v doma\u010di hi\u0161i v \u0160marju.<br \/>Ukvarja se s popravili in izdelavo elektronskih naprav, kot so ozvo\u010denja, telefoni, avtoradii, ter po naro\u010dilu izdeluje elektronske sklope za podjetja itd.<\/p><p>\u00a0<\/p>\t\t\t\t\t\t\t\t<\/div>\n\t\t\t\t<\/div>\n\t\t\t\t<\/div>\n\t\t\t\t<\/div>\n\t\t\t\t\t<\/div>\n\t\t\t\t<\/div>\n\t\t<div class=\"elementor-element elementor-element-22f53ed e-flex e-con-boxed e-con e-parent\" data-id=\"22f53ed\" data-element_type=\"container\" data-e-type=\"container\" data-settings=\"{&quot;background_background&quot;:&quot;classic&quot;}\">\n\t\t\t\t\t<div class=\"e-con-inner\">\n\t\t\t\t<div class=\"elementor-element elementor-element-bddebeb elementor-widget elementor-widget-heading\" data-id=\"bddebeb\" data-element_type=\"widget\" data-e-type=\"widget\" data-widget_type=\"heading.default\">\n\t\t\t\t<div class=\"elementor-widget-container\">\n\t\t\t\t\t<h2 class=\"elementor-heading-title elementor-size-default\">Poslanstvo, vrednote in vizija<\/h2>\t\t\t\t<\/div>\n\t\t\t\t<\/div>\n\t\t\t\t<div class=\"elementor-element elementor-element-0a8209a elementor-widget elementor-widget-text-editor\" data-id=\"0a8209a\" data-element_type=\"widget\" data-e-type=\"widget\" data-widget_type=\"text-editor.default\">\n\t\t\t\t<div class=\"elementor-widget-container\">\n\t\t\t\t\t\t\t\t\t<p>Poslanstvo podjetja je strankam ponujati najbolj kakovostne storitve, ki so plod vztrajnosti v specializirani dejavnosti in strokovnega usposabljanja zaposlenih. Ves \u010das se zavedamo, da uspeh ni odvisen samo od zadnjega. Za nas je pomemben tudi dolgoro\u010dni odnos s posredniki, dobavitelji in strankami. Zavedamo se, da zaposleni ustvarjajo visoko raven storitev, zato skupaj spremljamo novosti na trgu, se izobra\u017eujemo, vnaprej predvidevamo \u017eelje kupcev in jim seveda \u017eelimo \u010dim bolj ustre\u010di.<\/p>\t\t\t\t\t\t\t\t<\/div>\n\t\t\t\t<\/div>\n\t\t\t\t\t<\/div>\n\t\t\t\t<\/div>\n\t\t<div class=\"elementor-element elementor-element-35539ab e-flex e-con-boxed e-con e-parent\" data-id=\"35539ab\" data-element_type=\"container\" data-e-type=\"container\" id=\"Vizitka\">\n\t\t\t\t\t<div class=\"e-con-inner\">\n\t\t\t\t<div class=\"elementor-element elementor-element-44c3292 elementor-widget elementor-widget-heading\" data-id=\"44c3292\" data-element_type=\"widget\" data-e-type=\"widget\" data-widget_type=\"heading.default\">\n\t\t\t\t<div class=\"elementor-widget-container\">\n\t\t\t\t\t<h2 class=\"elementor-heading-title elementor-size-default\">Vizitka<\/h2>\t\t\t\t<\/div>\n\t\t\t\t<\/div>\n\t\t\t\t<div class=\"elementor-element elementor-element-efa3a19 elementor-widget elementor-widget-text-editor\" data-id=\"efa3a19\" data-element_type=\"widget\" data-e-type=\"widget\" data-widget_type=\"text-editor.default\">\n\t\t\t\t<div class=\"elementor-widget-container\">\n\t\t\t\t\t\t\t\t\t<p><strong>Naziv:<\/strong> KOBRA Team, d.o.o.<br \/><strong>Dolgi naziv PRS:<\/strong> KOBRA Team trgovina, zastopanje, storitve in servis za elektroniko\u00a0d.o.o.<br \/><strong>Sede\u017e dru\u017ebe:<\/strong>\u00a0Levi\u010dnikova cesta\u00a02, 8310\u00a0\u0160entjernej<\/p><p><strong>Telefon: <\/strong><a href=\"tel:+38673081118\">07 308 11 18<\/a>, <a href=\"tel:+38641600700\">041 600 700<\/a><br \/><strong>Faks:<\/strong> 07 308 11 19<br \/><strong>E-naslov:<\/strong> <a href=\"mailto:info@kobra.si\">info@kobra.si<\/a><\/p><p><strong>Delovni \u010das:<\/strong> pon.\u2013pet.: 8.00\u201319.00, sob.: 8.00\u201312.00, nedelja in prazniki zaprto<\/p><p><strong>ID za DDV:<\/strong>\u00a0SI 54311535<br \/><strong>Zavezanec za DDV:<\/strong>\u00a0DA<br \/><strong>Mati\u010dna \u0161tevilka:<\/strong>\u00a05795435000<br \/><strong>Transakcijski ra\u010dun (IBAN)<\/strong>: SI56 0297 0001 9449 829, odprt pri NLB, BIC: LJBASI2X<\/p><p><strong>\u0160ifra dejavnosti (SKD):<\/strong>\u00a0G47.420 \u2013 Trgovina na drobno v specializiranih prodajalnah s telekomunikacijskimi napravami<br \/><strong>Datum ustanovitve:<\/strong>\u00a05.\u00a05.\u00a01993<br \/><strong>Osnovni kapital:<\/strong>\u00a0166.917\u00a0EUR<strong><br \/>\u0160tevilka reg. vlo\u017eka (SRG):<\/strong>\u00a01\/03141\/00 pri Okro\u017enem sodi\u0161\u010du v Novem mestu<br \/><strong>Lastni\u0161tvo:<\/strong>\u00a0zasebno<br \/><strong>Zakoniti zastopnik:<\/strong>\u00a0Branko Kova\u010di\u010d, direktor<\/p>\t\t\t\t\t\t\t\t<\/div>\n\t\t\t\t<\/div>\n\t\t\t\t\t<\/div>\n\t\t\t\t<\/div>\n\t\t<div class=\"elementor-element elementor-element-66d1650 e-flex e-con-boxed e-con e-parent\" data-id=\"66d1650\" data-element_type=\"container\" data-e-type=\"container\" id=\"Kontakti\" data-settings=\"{&quot;background_background&quot;:&quot;classic&quot;}\">\n\t\t\t\t\t<div class=\"e-con-inner\">\n\t\t<div class=\"elementor-element elementor-element-9b93c56 e-con-full e-flex e-con e-child\" data-id=\"9b93c56\" data-element_type=\"container\" data-e-type=\"container\">\n\t\t\t\t<div class=\"elementor-element elementor-element-24e0a80 elementor-widget elementor-widget-heading\" data-id=\"24e0a80\" data-element_type=\"widget\" data-e-type=\"widget\" data-widget_type=\"heading.default\">\n\t\t\t\t<div class=\"elementor-widget-container\">\n\t\t\t\t\t<h2 class=\"elementor-heading-title elementor-size-default\">Kontakti<\/h2>\t\t\t\t<\/div>\n\t\t\t\t<\/div>\n\t\t\t\t<div class=\"elementor-element elementor-element-3a94b44 elementor-widget elementor-widget-text-editor\" data-id=\"3a94b44\" data-element_type=\"widget\" data-e-type=\"widget\" data-widget_type=\"text-editor.default\">\n\t\t\t\t<div class=\"elementor-widget-container\">\n\t\t\t\t\t\t\t\t\t<h3><strong>Svoj uspeh gradimo skupaj z zaposlenimi in zunanjimi sodelavci, prepoznavamo nove poslovne prilo\u017enosti ter zanje oblikujemo nove izdelke in storitve.<\/strong><\/h3><p>Na voljo smo vam vsak delovnik od 8. do 19. ure, ob sobotah od 8. do 12. ure v \u017eivo, po telefonu ali na e-naslov <a href=\"mailto:info@kobra.si\">info@kobra.si<\/a>.<\/p><p>Pokli\u010dete nas lahko na telefonsko \u0161tevilko <a href=\"tel:+38641600700\">041\u00a0600\u00a0700<\/a> ali na <a href=\"tel:+38673081118\">07 308 1118<\/a> ali izpolnite obrazec.<\/p>\t\t\t\t\t\t\t\t<\/div>\n\t\t\t\t<\/div>\n\t\t\t\t<\/div>\n\t\t<div class=\"elementor-element elementor-element-f9e0bc0 e-con-full e-flex e-con e-child\" data-id=\"f9e0bc0\" data-element_type=\"container\" data-e-type=\"container\">\n\t\t\t\t<div class=\"elementor-element elementor-element-48f20f8 elementor-widget__width-initial elementor-button-align-stretch elementor-widget elementor-widget-global elementor-global-16213 elementor-widget-form\" data-id=\"48f20f8\" data-element_type=\"widget\" data-e-type=\"widget\" data-settings=\"{&quot;step_next_label&quot;:&quot;Next&quot;,&quot;step_previous_label&quot;:&quot;Previous&quot;,&quot;button_width&quot;:&quot;100&quot;,&quot;step_type&quot;:&quot;number_text&quot;,&quot;step_icon_shape&quot;:&quot;circle&quot;}\" data-widget_type=\"form.default\">\n\t\t\t\t<div class=\"elementor-widget-container\">\n\t\t\t\t\t\t\t<form class=\"elementor-form\" method=\"post\" name=\"Info povpra\u0161evanje\" aria-label=\"Info povpra\u0161evanje\">\n\t\t\t<input type=\"hidden\" name=\"post_id\" value=\"7305\"\/>\n\t\t\t<input type=\"hidden\" name=\"form_id\" value=\"48f20f8\"\/>\n\t\t\t<input type=\"hidden\" name=\"referer_title\" value=\"\" \/>\n\n\t\t\t\n\t\t\t<div class=\"elementor-form-fields-wrapper elementor-labels-above\">\n\t\t\t\t\t\t\t\t<div class=\"elementor-field-type-text elementor-field-group elementor-column elementor-field-group-name elementor-col-100 elementor-field-required\">\n\t\t\t\t\t\t\t\t\t\t\t\t<label for=\"form-field-name\" class=\"elementor-field-label\">\n\t\t\t\t\t\t\t\tIME\t\t\t\t\t\t\t<\/label>\n\t\t\t\t\t\t\t\t\t\t\t\t\t\t<input size=\"1\" type=\"text\" name=\"form_fields[name]\" id=\"form-field-name\" class=\"elementor-field elementor-size-xs  elementor-field-textual\" required=\"required\">\n\t\t\t\t\t\t\t\t\t\t\t<\/div>\n\t\t\t\t\t\t\t\t<div class=\"elementor-field-type-text elementor-field-group elementor-column elementor-field-group-lastname elementor-col-100 elementor-field-required\">\n\t\t\t\t\t\t\t\t\t\t\t\t<label for=\"form-field-lastname\" class=\"elementor-field-label\">\n\t\t\t\t\t\t\t\tPRIIMEK\t\t\t\t\t\t\t<\/label>\n\t\t\t\t\t\t\t\t\t\t\t\t\t\t<input size=\"1\" type=\"text\" name=\"form_fields[lastname]\" id=\"form-field-lastname\" class=\"elementor-field elementor-size-xs  elementor-field-textual\" required=\"required\">\n\t\t\t\t\t\t\t\t\t\t\t<\/div>\n\t\t\t\t\t\t\t\t<div class=\"elementor-field-type-email elementor-field-group elementor-column elementor-field-group-email elementor-col-100 elementor-field-required\">\n\t\t\t\t\t\t\t\t\t\t\t\t<label for=\"form-field-email\" class=\"elementor-field-label\">\n\t\t\t\t\t\t\t\tE-PO\u0160TA\t\t\t\t\t\t\t<\/label>\n\t\t\t\t\t\t\t\t\t\t\t\t\t\t<input size=\"1\" type=\"email\" name=\"form_fields[email]\" id=\"form-field-email\" class=\"elementor-field elementor-size-xs  elementor-field-textual\" required=\"required\">\n\t\t\t\t\t\t\t\t\t\t\t<\/div>\n\t\t\t\t\t\t\t\t<div class=\"elementor-field-type-textarea elementor-field-group elementor-column elementor-field-group-sporocilo elementor-col-100 elementor-field-required\">\n\t\t\t\t\t\t\t\t\t\t\t\t<label for=\"form-field-sporocilo\" class=\"elementor-field-label\">\n\t\t\t\t\t\t\t\tSPORO\u010cILO\t\t\t\t\t\t\t<\/label>\n\t\t\t\t\t\t<textarea class=\"elementor-field-textual elementor-field  elementor-size-xs\" name=\"form_fields[sporocilo]\" id=\"form-field-sporocilo\" rows=\"4\" required=\"required\"><\/textarea>\t\t\t\t<\/div>\n\t\t\t\t\t\t\t\t<div class=\"elementor-field-type-html elementor-field-group elementor-column elementor-field-group-field_1fbcde3 elementor-col-100\">\n\t\t\t\t\t<label>\n    <input type=\"checkbox\" id=\"privacyPolicy\" name=\"privacyPolicy\" required>\n    Strinjam se s <a href=\"https:\/\/kobra.si\/politika-zasebnosti-piskotki\" target=\"_blank\">politiko zasebnosti<\/a>.\n<\/label>\t\t\t\t<\/div>\n\t\t\t\t\t\t\t\t<div class=\"elementor-field-group elementor-column elementor-field-type-submit elementor-col-100 e-form__buttons\">\n\t\t\t\t\t<button class=\"elementor-button elementor-size-sm\" type=\"submit\">\n\t\t\t\t\t\t<span class=\"elementor-button-content-wrapper\">\n\t\t\t\t\t\t\t\t\t\t\t\t\t\t\t\t\t\t\t\t\t\t<span class=\"elementor-button-text\">Po\u0161lji<\/span>\n\t\t\t\t\t\t\t\t\t\t\t\t\t<\/span>\n\t\t\t\t\t<\/button>\n\t\t\t\t<\/div>\n\t\t\t<\/div>\n\t\t<\/form>\n\t\t\t\t\t\t<\/div>\n\t\t\t\t<\/div>\n\t\t\t\t<\/div>\n\t\t\t\t\t<\/div>\n\t\t\t\t<\/div>\n\t\t<div class=\"elementor-element elementor-element-199ce36 e-flex e-con-boxed e-con e-parent\" data-id=\"199ce36\" data-element_type=\"container\" data-e-type=\"container\" id=\"Lokacija\" data-settings=\"{&quot;background_background&quot;:&quot;classic&quot;}\">\n\t\t\t\t\t<div class=\"e-con-inner\">\n\t\t<div class=\"elementor-element elementor-element-96b0fe8 e-con-full e-flex e-con e-child\" data-id=\"96b0fe8\" data-element_type=\"container\" data-e-type=\"container\">\n\t\t\t\t<div class=\"elementor-element elementor-element-1ff8be5 elementor-widget elementor-widget-heading\" data-id=\"1ff8be5\" data-element_type=\"widget\" data-e-type=\"widget\" data-widget_type=\"heading.default\">\n\t\t\t\t<div class=\"elementor-widget-container\">\n\t\t\t\t\t<h2 class=\"elementor-heading-title elementor-size-default\">Kje nas najdete?<\/h2>\t\t\t\t<\/div>\n\t\t\t\t<\/div>\n\t\t\t\t<div class=\"elementor-element elementor-element-33e32a7 elementor-widget__width-initial elementor-widget elementor-widget-text-editor\" data-id=\"33e32a7\" data-element_type=\"widget\" data-e-type=\"widget\" data-widget_type=\"text-editor.default\">\n\t\t\t\t<div class=\"elementor-widget-container\">\n\t\t\t\t\t\t\t\t\t<p>Pri\u010dakujemo vas v poslovni stavbi KOBRA v Obrtno-poslovni coni \u0160entjernej, le 5 kilometrov od avtoceste.<\/p><p>\u00a0<\/p>\t\t\t\t\t\t\t\t<\/div>\n\t\t\t\t<\/div>\n\t\t\t\t<div class=\"elementor-element elementor-element-010b5ca elementor-mobile-align-center elementor-widget elementor-widget-button\" data-id=\"010b5ca\" data-element_type=\"widget\" data-e-type=\"widget\" data-widget_type=\"button.default\">\n\t\t\t\t<div class=\"elementor-widget-container\">\n\t\t\t\t\t\t\t\t\t<div class=\"elementor-button-wrapper\">\n\t\t\t\t\t<a class=\"elementor-button elementor-button-link elementor-size-sm\" href=\"https:\/\/www.google.com\/maps\/dir\/\/KOBRA+TEAM+d.o.o.+Levi%C4%8Dnikova+cesta+2+8310+%C5%A0entjernej\/@45.84798,15.338669,12z\/data=!4m8!4m7!1m0!1m5!1m1!1s0x4765ac3e44f1a0c1:0xf070b67250781cc4!2m2!1d15.338669!2d45.84798?entry=ttu\" target=\"_blank\" rel=\"noopener\">\n\t\t\t\t\t\t<span class=\"elementor-button-content-wrapper\">\n\t\t\t\t\t\t\t\t\t<span class=\"elementor-button-text\">Odpelji me<\/span>\n\t\t\t\t\t<\/span>\n\t\t\t\t\t<\/a>\n\t\t\t\t<\/div>\n\t\t\t\t\t\t\t\t<\/div>\n\t\t\t\t<\/div>\n\t\t\t\t<\/div>\n\t\t\t\t\t<\/div>\n\t\t\t\t<\/div>\n\t\t<div class=\"elementor-element elementor-element-10da009 e-flex e-con-boxed e-con e-parent\" data-id=\"10da009\" data-element_type=\"container\" data-e-type=\"container\">\n\t\t\t\t\t<div class=\"e-con-inner\">\n\t\t<div class=\"elementor-element elementor-element-35e3808 e-con-full e-flex e-con e-child\" data-id=\"35e3808\" data-element_type=\"container\" data-e-type=\"container\">\n\t\t<div class=\"elementor-element elementor-element-fda91da e-con-full e-flex e-con e-child\" data-id=\"fda91da\" data-element_type=\"container\" data-e-type=\"container\">\n\t\t\t\t<div class=\"elementor-element elementor-element-5c72da4 elementor-widget elementor-widget-heading\" data-id=\"5c72da4\" data-element_type=\"widget\" data-e-type=\"widget\" data-widget_type=\"heading.default\">\n\t\t\t\t<div class=\"elementor-widget-container\">\n\t\t\t\t\t<h3 class=\"elementor-heading-title elementor-size-default\">Dostop iz Ljubljane<\/h3>\t\t\t\t<\/div>\n\t\t\t\t<\/div>\n\t\t\t\t<div class=\"elementor-element elementor-element-f67cefa elementor-widget elementor-widget-text-editor\" data-id=\"f67cefa\" data-element_type=\"widget\" data-e-type=\"widget\" data-widget_type=\"text-editor.default\">\n\t\t\t\t<div class=\"elementor-widget-container\">\n\t\t\t\t\t\t\t\t\t<p>Avtocesto <strong>Ljubljana\u2013Zagreb<\/strong> zapustite pri izvozu <strong>Dobru\u0161ka vas<\/strong> in zavijte desno proti <strong>\u0160entjerneju<\/strong>. Po 5 kilometrih boste pri\u0161li do kro\u017ei\u0161\u010da in na levi strani zagledali <strong>Mercator center<\/strong>. Na kro\u017ei\u0161\u010du izberite tretji izvoz in na desni strani boste zagledali <strong>Poslovno stavbo <span style=\"color: #cf6f23;\">Kobra<\/span><\/strong>, ob kateri so vam na voljo brezpla\u010dna parkirna mesta.<\/p>\t\t\t\t\t\t\t\t<\/div>\n\t\t\t\t<\/div>\n\t\t\t\t<\/div>\n\t\t<div class=\"elementor-element elementor-element-df899d5 e-con-full e-flex e-con e-child\" data-id=\"df899d5\" data-element_type=\"container\" data-e-type=\"container\">\n\t\t\t\t<div class=\"elementor-element elementor-element-3a5739a elementor-widget elementor-widget-heading\" data-id=\"3a5739a\" data-element_type=\"widget\" data-e-type=\"widget\" data-widget_type=\"heading.default\">\n\t\t\t\t<div class=\"elementor-widget-container\">\n\t\t\t\t\t<h3 class=\"elementor-heading-title elementor-size-default\">Dostop iz Zagreba<\/h3>\t\t\t\t<\/div>\n\t\t\t\t<\/div>\n\t\t\t\t<div class=\"elementor-element elementor-element-44c8074 elementor-widget elementor-widget-text-editor\" data-id=\"44c8074\" data-element_type=\"widget\" data-e-type=\"widget\" data-widget_type=\"text-editor.default\">\n\t\t\t\t<div class=\"elementor-widget-container\">\n\t\t\t\t\t\t\t\t\t<p>Avtocesto\u00a0<strong>Zagreb\u2013Ljubljana<\/strong>zapustite pri izvozu\u00a0<strong>Dobru\u0161ka vas<\/strong> in zavijte levo proti <strong>\u0160entjerneju<\/strong>. Po 5 kilometrih boste pri\u0161li do kro\u017ei\u0161\u010da in na levi strani zagledali <strong>Mercator center<\/strong>. Na kro\u017ei\u0161\u010du izberite tretji izvoz in na desni strani boste zagledali <strong>Poslovno stavbo <span style=\"color: #cf6f23;\">Kobra<\/span><\/strong>, ob kateri so vam na voljo brezpla\u010dna parkirna mesta.<\/p>\t\t\t\t\t\t\t\t<\/div>\n\t\t\t\t<\/div>\n\t\t\t\t<\/div>\n\t\t\t\t<\/div>\n\t\t\t\t\t<\/div>\n\t\t\t\t<\/div>\n\t\t<div class=\"elementor-element elementor-element-c67fb18 e-flex e-con-boxed e-con e-parent\" data-id=\"c67fb18\" data-element_type=\"container\" data-e-type=\"container\">\n\t\t\t\t\t<div class=\"e-con-inner\">\n\t\t\t\t<div class=\"elementor-element elementor-element-baaa0b3 elementor-widget elementor-widget-google_maps\" data-id=\"baaa0b3\" data-element_type=\"widget\" data-e-type=\"widget\" id=\"Odpelji-me\" data-widget_type=\"google_maps.default\">\n\t\t\t\t<div class=\"elementor-widget-container\">\n\t\t\t\t\t\t\t<div class=\"elementor-custom-embed\">\n\t\t\t<iframe loading=\"lazy\"\n\t\t\t\t\tsrc=\"https:\/\/maps.google.com\/maps?q=Kobra%20%C5%A0entjernej&#038;t=m&#038;z=12&#038;output=embed&#038;iwloc=near\"\n\t\t\t\t\ttitle=\"Kobra \u0160entjernej\"\n\t\t\t\t\taria-label=\"Kobra \u0160entjernej\"\n\t\t\t><\/iframe>\n\t\t<\/div>\n\t\t\t\t\t\t<\/div>\n\t\t\t\t<\/div>\n\t\t\t\t\t<\/div>\n\t\t\t\t<\/div>\n\t\t<div class=\"elementor-element elementor-element-912e222 e-flex e-con-boxed e-con e-parent\" data-id=\"912e222\" data-element_type=\"container\" data-e-type=\"container\" id=\"Predstavitev-stavbe\" data-settings=\"{&quot;background_background&quot;:&quot;video&quot;,&quot;background_video_link&quot;:&quot;https:\\\/\\\/kobra.si\\\/wp-content\\\/uploads\\\/2024\\\/07\\\/predstavitev_podjetja.mp4&quot;,&quot;background_video_start&quot;:0,&quot;background_video_end&quot;:1500,&quot;background_play_on_mobile&quot;:&quot;yes&quot;}\">\n\t\t\t\t\t<div class=\"e-con-inner\">\n\t\t<div class=\"elementor-background-video-container\">\n\t\t\t\t\t\t\t<video class=\"elementor-background-video-hosted\" role=\"presentation\" autoplay muted playsinline loop><\/video>\n\t\t\t\t\t<\/div>\t\t<div class=\"elementor-element elementor-element-5585d6a elementor-widget elementor-widget-heading\" data-id=\"5585d6a\" data-element_type=\"widget\" data-e-type=\"widget\" data-widget_type=\"heading.default\">\n\t\t\t\t<div class=\"elementor-widget-container\">\n\t\t\t\t\t<h2 class=\"elementor-heading-title elementor-size-default\">Predstavitev poslovne stavbe Kobra<\/h2>\t\t\t\t<\/div>\n\t\t\t\t<\/div>\n\t\t\t\t<div class=\"elementor-element elementor-element-0fefd28 elementor-widget__width-initial elementor-widget elementor-widget-text-editor\" data-id=\"0fefd28\" data-element_type=\"widget\" data-e-type=\"widget\" data-widget_type=\"text-editor.default\">\n\t\t\t\t<div class=\"elementor-widget-container\">\n\t\t\t\t\t\t\t\t\t<p>S pomo\u010djo dobrih arhitektov in kakovostnih izvajalcev, ki so znali prisluhniti na\u0161im \u017eeljam in potrebam, ter s poznavanjem sodobne tehnologije nam je leta 2011 uspelo zgraditi izjemen nizkoenergijski poslovni objekt Kobra.<\/p>\t\t\t\t\t\t\t\t<\/div>\n\t\t\t\t<\/div>\n\t\t\t\t\t<\/div>\n\t\t\t\t<\/div>\n\t\t<div class=\"elementor-element elementor-element-681591c e-flex e-con-boxed e-con e-parent\" data-id=\"681591c\" data-element_type=\"container\" data-e-type=\"container\">\n\t\t\t\t\t<div class=\"e-con-inner\">\n\t\t<div class=\"elementor-element elementor-element-4ee9fbd e-con-full e-flex e-con e-child\" data-id=\"4ee9fbd\" data-element_type=\"container\" data-e-type=\"container\">\n\t\t<div class=\"elementor-element elementor-element-32fc122 e-con-full e-flex e-con e-child\" data-id=\"32fc122\" data-element_type=\"container\" data-e-type=\"container\">\n\t\t\t\t<div class=\"elementor-element elementor-element-1410840 elementor-widget elementor-widget-heading\" data-id=\"1410840\" data-element_type=\"widget\" data-e-type=\"widget\" data-widget_type=\"heading.default\">\n\t\t\t\t<div class=\"elementor-widget-container\">\n\t\t\t\t\t<h3 class=\"elementor-heading-title elementor-size-default\">Trajnostna gradnja s poudarki na energetski u\u010dinkovitosti z dobro mero principov zelene gradnje<\/h3>\t\t\t\t<\/div>\n\t\t\t\t<\/div>\n\t\t\t\t<div class=\"elementor-element elementor-element-91fa0b4 elementor-widget elementor-widget-text-editor\" data-id=\"91fa0b4\" data-element_type=\"widget\" data-e-type=\"widget\" data-widget_type=\"text-editor.default\">\n\t\t\t\t<div class=\"elementor-widget-container\">\n\t\t\t\t\t\t\t\t\t<p>Konceptualna zasnova objekta je temeljila na funkcionalnosti, vse re\u0161itve pa so bile podrejene trajnostni gradnji. Projektiranje je sledilo principom integralnega na\u010drtovanja in interdiscipliniranega sodelovanja vseh projektantov in investitorja \u017ee v fazi idejnega snovanja. Z nizkoenergijskimi principi smo vplivali na umestitev objekta v prostor in posledi\u010dno striktno orientacijo ju\u017ene fasade objekta.Posebna skrb je bila namenjena zrakotesnemu ovoju stavbe, \u017ee pri temeljenju je bil obdelan sleherni potencialni toplotni most na fasadi in tudi na strehi, na objektu smo uporabili 20-centimetrsko izolacijo. Izbrali smo le kakovostne in trajne materiale ter stremeli k dovr\u0161enosti izvedbe slehernega detajla.<\/p>\t\t\t\t\t\t\t\t<\/div>\n\t\t\t\t<\/div>\n\t\t\t\t<\/div>\n\t\t<div class=\"elementor-element elementor-element-eb09499 e-con-full e-flex e-con e-child\" data-id=\"eb09499\" data-element_type=\"container\" data-e-type=\"container\">\n\t\t\t\t<div class=\"elementor-element elementor-element-d5a97cb elementor-widget elementor-widget-image\" data-id=\"d5a97cb\" data-element_type=\"widget\" data-e-type=\"widget\" data-widget_type=\"image.default\">\n\t\t\t\t<div class=\"elementor-widget-container\">\n\t\t\t\t\t\t\t\t\t\t\t\t\t\t\t<img fetchpriority=\"high\" decoding=\"async\" width=\"800\" height=\"593\" src=\"https:\/\/kobra.si\/wp-content\/uploads\/2024\/07\/trajnostno_1.jpg\" class=\"attachment-large size-large wp-image-269\" alt=\"Telekomunikacijske storitve-Kobra-#Kobra#-#prostori#-#stavba2#.webp\" srcset=\"https:\/\/kobra.si\/wp-content\/uploads\/2024\/07\/trajnostno_1.jpg 800w, https:\/\/kobra.si\/wp-content\/uploads\/2024\/07\/trajnostno_1-150x111.jpg 150w, https:\/\/kobra.si\/wp-content\/uploads\/2024\/07\/trajnostno_1-600x445.jpg 600w, https:\/\/kobra.si\/wp-content\/uploads\/2024\/07\/trajnostno_1-300x222.jpg 300w, https:\/\/kobra.si\/wp-content\/uploads\/2024\/07\/trajnostno_1-768x569.jpg 768w\" sizes=\"(max-width: 800px) 100vw, 800px\" title=\"\">\t\t\t\t\t\t\t\t\t\t\t\t\t\t\t<\/div>\n\t\t\t\t<\/div>\n\t\t\t\t<\/div>\n\t\t\t\t<\/div>\n\t\t<div class=\"elementor-element elementor-element-4debbc8 e-con-full e-flex e-con e-child\" data-id=\"4debbc8\" data-element_type=\"container\" data-e-type=\"container\">\n\t\t<div class=\"elementor-element elementor-element-190c237 e-con-full e-flex e-con e-child\" data-id=\"190c237\" data-element_type=\"container\" data-e-type=\"container\">\n\t\t\t\t<div class=\"elementor-element elementor-element-f4d45f0 elementor-widget elementor-widget-image\" data-id=\"f4d45f0\" data-element_type=\"widget\" data-e-type=\"widget\" data-widget_type=\"image.default\">\n\t\t\t\t<div class=\"elementor-widget-container\">\n\t\t\t\t\t\t\t\t\t\t\t\t\t\t\t<img decoding=\"async\" width=\"800\" height=\"764\" src=\"https:\/\/kobra.si\/wp-content\/uploads\/2024\/07\/obnovljivi.jpg\" class=\"attachment-large size-large wp-image-257\" alt=\"#Kobra#-#spletna stran#-#obnovljivi viri#.png\" srcset=\"https:\/\/kobra.si\/wp-content\/uploads\/2024\/07\/obnovljivi.jpg 800w, https:\/\/kobra.si\/wp-content\/uploads\/2024\/07\/obnovljivi-150x143.jpg 150w, https:\/\/kobra.si\/wp-content\/uploads\/2024\/07\/obnovljivi-600x573.jpg 600w, https:\/\/kobra.si\/wp-content\/uploads\/2024\/07\/obnovljivi-300x287.jpg 300w, https:\/\/kobra.si\/wp-content\/uploads\/2024\/07\/obnovljivi-768x733.jpg 768w\" sizes=\"(max-width: 800px) 100vw, 800px\" title=\"\">\t\t\t\t\t\t\t\t\t\t\t\t\t\t\t<\/div>\n\t\t\t\t<\/div>\n\t\t\t\t<\/div>\n\t\t<div class=\"elementor-element elementor-element-757d5c4 e-con-full e-flex e-con e-child\" data-id=\"757d5c4\" data-element_type=\"container\" data-e-type=\"container\">\n\t\t\t\t<div class=\"elementor-element elementor-element-cbfcb7e elementor-widget elementor-widget-heading\" data-id=\"cbfcb7e\" data-element_type=\"widget\" data-e-type=\"widget\" data-widget_type=\"heading.default\">\n\t\t\t\t<div class=\"elementor-widget-container\">\n\t\t\t\t\t<h3 class=\"elementor-heading-title elementor-size-default\">Uporaba obnovljivih virov energije in centralno nadzornega sistema\n<\/h3>\t\t\t\t<\/div>\n\t\t\t\t<\/div>\n\t\t\t\t<div class=\"elementor-element elementor-element-6f45cfa elementor-widget elementor-widget-text-editor\" data-id=\"6f45cfa\" data-element_type=\"widget\" data-e-type=\"widget\" data-widget_type=\"text-editor.default\">\n\t\t\t\t<div class=\"elementor-widget-container\">\n\t\t\t\t\t\t\t\t\t<p>Osnovno vodilo je bilo uporabiti \u010dim ve\u010d obnovljivih virov energije, od katerih so na objektu uporabljene predvsem prednosti geotermalne in solarne energije. Tako izkori\u0161\u010damo naravne vire za ogrevanje, hlajenje, proizvodnjo elektrike, prezra\u010devanje in uporabo sanitarne vode. Vsi obnovljivi viri energije so med seboj povezani prek reverzibilne toplotne \u010drpalke, ki poleg ogrevanja objekta in sanitarne vode omogo\u010da pasivno in aktivno hlajenje objekta. Uporabili smo vodno vrtino na globini 40 m, 4 geosonde z globino 100 m, zemeljski zra\u010dni prenosnik toplote, 50 m\u00b3 velik rezervoar za de\u017eevnico in 50-kw son\u010dno elektrarno.<\/p><p>Centralni nadzorni sistem stavbe omogo\u010da regulacijo razsvetljave, odkrivanje in javljanje po\u017eara, tehni\u010dnega varovanja, regulacijo prezra\u010devanja in temperature prostora, strojnih in klimatskih naprav ter regulacijo \u017ealuzij.<\/p>\t\t\t\t\t\t\t\t<\/div>\n\t\t\t\t<\/div>\n\t\t\t\t<\/div>\n\t\t\t\t<\/div>\n\t\t<div class=\"elementor-element elementor-element-9cc007a e-con-full e-flex e-con e-child\" data-id=\"9cc007a\" data-element_type=\"container\" data-e-type=\"container\">\n\t\t<div class=\"elementor-element elementor-element-a19f076 e-con-full e-flex e-con e-child\" data-id=\"a19f076\" data-element_type=\"container\" data-e-type=\"container\">\n\t\t\t\t<div class=\"elementor-element elementor-element-645d74b elementor-widget elementor-widget-heading\" data-id=\"645d74b\" data-element_type=\"widget\" data-e-type=\"widget\" data-widget_type=\"heading.default\">\n\t\t\t\t<div class=\"elementor-widget-container\">\n\t\t\t\t\t<h3 class=\"elementor-heading-title elementor-size-default\">Funkcionalno in kreativno delovno okolje<\/h3>\t\t\t\t<\/div>\n\t\t\t\t<\/div>\n\t\t\t\t<div class=\"elementor-element elementor-element-7be976a elementor-widget elementor-widget-text-editor\" data-id=\"7be976a\" data-element_type=\"widget\" data-e-type=\"widget\" data-widget_type=\"text-editor.default\">\n\t\t\t\t<div class=\"elementor-widget-container\">\n\t\t\t\t\t\t\t\t\t<div class=\"text-right text col-lg-6 col-md-6 col-sm-6\"><p>Prostori so zasnovani dinami\u010dno in funkcionalno, vklju\u010devanje barv in poudarkov v prostorih pa oblikuje zanimivo, pozitivno in stimulativno delovno okolje. K dobremu po\u010dutju uporabnikov stavbe pripomorejo tudi dobro osvetljeni prostori, ki imajo veliko naravne svetlobe z dodatno mo\u017enostjo digitalnega uravnavanja osvetljevanja, ter sve\u017e zrak, ki je primerno \u010dist, ohlajen in razvla\u017een.<\/p><\/div><div class=\" col-lg-6 col-md-6 col-sm-6\">\u00a0<\/div>\t\t\t\t\t\t\t\t<\/div>\n\t\t\t\t<\/div>\n\t\t\t\t<\/div>\n\t\t<div class=\"elementor-element elementor-element-dc4704c e-con-full e-flex e-con e-child\" data-id=\"dc4704c\" data-element_type=\"container\" data-e-type=\"container\">\n\t\t\t\t<div class=\"elementor-element elementor-element-bbc75c3 elementor-widget elementor-widget-image\" data-id=\"bbc75c3\" data-element_type=\"widget\" data-e-type=\"widget\" data-widget_type=\"image.default\">\n\t\t\t\t<div class=\"elementor-widget-container\">\n\t\t\t\t\t\t\t\t\t\t\t\t\t\t\t<img decoding=\"async\" width=\"1024\" height=\"768\" src=\"https:\/\/kobra.si\/wp-content\/uploads\/2024\/07\/IMG_1630-1024x768.jpg\" class=\"attachment-large size-large wp-image-53\" alt=\"#Kobra#-#prostori#-#prodajalna5#.jpeg\" srcset=\"https:\/\/kobra.si\/wp-content\/uploads\/2024\/07\/IMG_1630-1024x768.jpg 1024w, https:\/\/kobra.si\/wp-content\/uploads\/2024\/07\/IMG_1630-scaled-150x113.jpg 150w, https:\/\/kobra.si\/wp-content\/uploads\/2024\/07\/IMG_1630-scaled-800x600.jpg 800w, https:\/\/kobra.si\/wp-content\/uploads\/2024\/07\/IMG_1630-300x225.jpg 300w, https:\/\/kobra.si\/wp-content\/uploads\/2024\/07\/IMG_1630-768x576.jpg 768w, https:\/\/kobra.si\/wp-content\/uploads\/2024\/07\/IMG_1630-1536x1152.jpg 1536w, https:\/\/kobra.si\/wp-content\/uploads\/2024\/07\/IMG_1630-2048x1536.jpg 2048w\" sizes=\"(max-width: 1024px) 100vw, 1024px\" title=\"\">\t\t\t\t\t\t\t\t\t\t\t\t\t\t\t<\/div>\n\t\t\t\t<\/div>\n\t\t\t\t<\/div>\n\t\t\t\t<\/div>\n\t\t<div class=\"elementor-element elementor-element-10b1088 e-con-full e-flex e-con e-child\" data-id=\"10b1088\" data-element_type=\"container\" data-e-type=\"container\">\n\t\t<div class=\"elementor-element elementor-element-497bdf6 e-con-full e-flex e-con e-child\" data-id=\"497bdf6\" data-element_type=\"container\" data-e-type=\"container\">\n\t\t\t\t<div class=\"elementor-element elementor-element-04f5d2b elementor-widget elementor-widget-image\" data-id=\"04f5d2b\" data-element_type=\"widget\" data-e-type=\"widget\" data-widget_type=\"image.default\">\n\t\t\t\t<div class=\"elementor-widget-container\">\n\t\t\t\t\t\t\t\t\t\t\t\t\t\t\t<img loading=\"lazy\" decoding=\"async\" width=\"566\" height=\"371\" src=\"https:\/\/kobra.si\/wp-content\/uploads\/2024\/07\/prezracevalnik-1.jpg\" class=\"attachment-large size-large wp-image-299\" alt=\"#Kobra#-#prostori#-#terasa#.webp\" srcset=\"https:\/\/kobra.si\/wp-content\/uploads\/2024\/07\/prezracevalnik-1.jpg 566w, https:\/\/kobra.si\/wp-content\/uploads\/2024\/07\/prezracevalnik-1-150x98.jpg 150w, https:\/\/kobra.si\/wp-content\/uploads\/2024\/07\/prezracevalnik-1-300x197.jpg 300w\" sizes=\"(max-width: 566px) 100vw, 566px\" title=\"\">\t\t\t\t\t\t\t\t\t\t\t\t\t\t\t<\/div>\n\t\t\t\t<\/div>\n\t\t\t\t<\/div>\n\t\t<div class=\"elementor-element elementor-element-96d2f1b e-con-full e-flex e-con e-child\" data-id=\"96d2f1b\" data-element_type=\"container\" data-e-type=\"container\">\n\t\t\t\t<div class=\"elementor-element elementor-element-4a0c89b elementor-widget elementor-widget-heading\" data-id=\"4a0c89b\" data-element_type=\"widget\" data-e-type=\"widget\" data-widget_type=\"heading.default\">\n\t\t\t\t<div class=\"elementor-widget-container\">\n\t\t\t\t\t<h3 class=\"elementor-heading-title elementor-size-default\">Elementi bioklimatske gradnje omogo\u010dajo ugodnej\u0161o klimo\n<\/h3>\t\t\t\t<\/div>\n\t\t\t\t<\/div>\n\t\t\t\t<div class=\"elementor-element elementor-element-8114e0b elementor-widget elementor-widget-text-editor\" data-id=\"8114e0b\" data-element_type=\"widget\" data-e-type=\"widget\" data-widget_type=\"text-editor.default\">\n\t\t\t\t<div class=\"elementor-widget-container\">\n\t\t\t\t\t\t\t\t\t<p>V arhitekturno zasnovo smo vnesli elemente bioklimatske gradnje s hortikulturnimi ureditvami v okolici zgradbe in koritih na terasi. Intenzivne zasaditve poleg dodatnega sen\u010denja ju\u017enih delov fasade omogo\u010dajo prijaznej\u0161o klimo.<\/p><p>\u00a0<\/p>\t\t\t\t\t\t\t\t<\/div>\n\t\t\t\t<\/div>\n\t\t\t\t<\/div>\n\t\t\t\t<\/div>\n\t\t<div class=\"elementor-element elementor-element-e99b332 e-con-full e-flex e-con e-child\" data-id=\"e99b332\" data-element_type=\"container\" data-e-type=\"container\">\n\t\t<div class=\"elementor-element elementor-element-f9d3bed e-con-full e-flex e-con e-child\" data-id=\"f9d3bed\" data-element_type=\"container\" data-e-type=\"container\">\n\t\t<div class=\"elementor-element elementor-element-159e5c5 e-con-full e-flex e-con e-child\" data-id=\"159e5c5\" data-element_type=\"container\" data-e-type=\"container\">\n\t\t\t\t<div class=\"elementor-element elementor-element-e3e4e41 elementor-widget elementor-widget-heading\" data-id=\"e3e4e41\" data-element_type=\"widget\" data-e-type=\"widget\" data-widget_type=\"heading.default\">\n\t\t\t\t<div class=\"elementor-widget-container\">\n\t\t\t\t\t<h3 class=\"elementor-heading-title elementor-size-default\">Proizvedemo ve\u010d elektri\u010dne energije, kot jo porabimo<\/h3>\t\t\t\t<\/div>\n\t\t\t\t<\/div>\n\t\t\t\t<div class=\"elementor-element elementor-element-7dab831 elementor-widget elementor-widget-text-editor\" data-id=\"7dab831\" data-element_type=\"widget\" data-e-type=\"widget\" data-widget_type=\"text-editor.default\">\n\t\t\t\t<div class=\"elementor-widget-container\">\n\t\t\t\t\t\t\t\t\t<div class=\"text-right text col-lg-6 col-md-6 col-sm-6\"><div class=\"text-right text col-lg-6 col-md-6 col-sm-6\"><p>Fotovoltai\u010dna elektrarna na strehi objekta in na nadstre\u0161nici za avtomobile zagotavlja proizvodnjo lastne elektri\u010dne energije. Glede na specifi\u010dno rabo energije, potrebne za ogrevanje, in skupne rabe energije lahko trdimo, da objekt dosega pasivne standarde. Stavba je plus energijska, saj proizvaja ve\u010d energije, kot jo porabi.<\/p><\/div><div class=\" col-lg-6 col-md-6 col-sm-6\">\u00a0<\/div><\/div>\t\t\t\t\t\t\t\t<\/div>\n\t\t\t\t<\/div>\n\t\t\t\t<\/div>\n\t\t<div class=\"elementor-element elementor-element-c4de64b e-con-full e-flex e-con e-child\" data-id=\"c4de64b\" data-element_type=\"container\" data-e-type=\"container\">\n\t\t\t\t<div class=\"elementor-element elementor-element-24e2b13 elementor-widget elementor-widget-image\" data-id=\"24e2b13\" data-element_type=\"widget\" data-e-type=\"widget\" data-widget_type=\"image.default\">\n\t\t\t\t<div class=\"elementor-widget-container\">\n\t\t\t\t\t\t\t\t\t\t\t\t\t\t\t<img loading=\"lazy\" decoding=\"async\" width=\"566\" height=\"371\" src=\"https:\/\/kobra.si\/wp-content\/uploads\/2024\/07\/energy.jpg\" class=\"attachment-large size-large wp-image-287\" alt=\"#Kobra#-#prostori#-#soncaelektrarna#.webp\" srcset=\"https:\/\/kobra.si\/wp-content\/uploads\/2024\/07\/energy.jpg 566w, https:\/\/kobra.si\/wp-content\/uploads\/2024\/07\/energy-150x98.jpg 150w, https:\/\/kobra.si\/wp-content\/uploads\/2024\/07\/energy-300x197.jpg 300w\" sizes=\"(max-width: 566px) 100vw, 566px\" title=\"\">\t\t\t\t\t\t\t\t\t\t\t\t\t\t\t<\/div>\n\t\t\t\t<\/div>\n\t\t\t\t<\/div>\n\t\t\t\t<\/div>\n\t\t\t\t<\/div>\n\t\t<div class=\"elementor-element elementor-element-f1e28f6 e-con-full e-flex e-con e-child\" data-id=\"f1e28f6\" data-element_type=\"container\" data-e-type=\"container\">\n\t\t<div class=\"elementor-element elementor-element-fcae7cf e-con-full e-flex e-con e-child\" data-id=\"fcae7cf\" data-element_type=\"container\" data-e-type=\"container\">\n\t\t<div class=\"elementor-element elementor-element-0932cdb e-con-full e-flex e-con e-child\" data-id=\"0932cdb\" data-element_type=\"container\" data-e-type=\"container\">\n\t\t\t\t<div class=\"elementor-element elementor-element-8a8bd0c elementor-widget elementor-widget-image\" data-id=\"8a8bd0c\" data-element_type=\"widget\" data-e-type=\"widget\" data-widget_type=\"image.default\">\n\t\t\t\t<div class=\"elementor-widget-container\">\n\t\t\t\t\t\t\t\t\t\t\t\t\t\t\t<img decoding=\"async\" src=\"https:\/\/kobra.si\/wp-content\/uploads\/elementor\/thumbs\/greenbuilding-qrmigyem65x0skg7aek0monsbiwxb97bbr6p7tfbts.jpg\" title=\"greenbuilding\" alt=\"#Kobra#-#spletna stran#-#novice priznanje greenbuilding#.jpeg\" loading=\"lazy\" \/>\t\t\t\t\t\t\t\t\t\t\t\t\t\t\t<\/div>\n\t\t\t\t<\/div>\n\t\t\t\t<div class=\"elementor-element elementor-element-8f1f813 elementor-hidden-tablet elementor-widget elementor-widget-image\" data-id=\"8f1f813\" data-element_type=\"widget\" data-e-type=\"widget\" data-widget_type=\"image.default\">\n\t\t\t\t<div class=\"elementor-widget-container\">\n\t\t\t\t\t\t\t\t\t\t\t\t\t\t\t<img decoding=\"async\" src=\"https:\/\/kobra.si\/wp-content\/uploads\/elementor\/thumbs\/ove-qrmih5xbou7bdg5a2ht16mrh2lvv0u160sel2146g0.jpg\" title=\"ove\" alt=\"#Kobra#-#spletna stran#-#novice priznanje#.png\" loading=\"lazy\" \/>\t\t\t\t\t\t\t\t\t\t\t\t\t\t\t<\/div>\n\t\t\t\t<\/div>\n\t\t\t\t<\/div>\n\t\t<div class=\"elementor-element elementor-element-85d04f1 e-con-full e-flex e-con e-child\" data-id=\"85d04f1\" data-element_type=\"container\" data-e-type=\"container\">\n\t\t\t\t<div class=\"elementor-element elementor-element-33013e9 elementor-widget elementor-widget-heading\" data-id=\"33013e9\" data-element_type=\"widget\" data-e-type=\"widget\" data-widget_type=\"heading.default\">\n\t\t\t\t<div class=\"elementor-widget-container\">\n\t\t\t\t\t<h3 class=\"elementor-heading-title elementor-size-default\">Potencial energijsko u\u010dinkovite stavbe sta prepoznali slovenska in evropska komisija za podeljevanje nagrad<\/h3>\t\t\t\t<\/div>\n\t\t\t\t<\/div>\n\t\t\t\t<div class=\"elementor-element elementor-element-e0f1fea elementor-widget elementor-widget-text-editor\" data-id=\"e0f1fea\" data-element_type=\"widget\" data-e-type=\"widget\" data-widget_type=\"text-editor.default\">\n\t\t\t\t<div class=\"elementor-widget-container\">\n\t\t\t\t\t\t\t\t\t<div class=\"text-right text col-lg-6 col-md-6 col-sm-6\"><div class=\"text-right text col-lg-6 col-md-6 col-sm-6\"><p>Fotovoltai\u010dna elektrarna na strehi objekta in na nadstre\u0161nici za avtomobile zagotavlja proizvodnjo lastne elektri\u010dne energije. Glede na specifi\u010dno rabo energije, potrebne za ogrevanje, in skupne rabe energije lahko trdimo, da objekt dosega pasivne standarde. Stavba je plus energijska, saj proizvaja ve\u010d energije, kot jo porabi.<\/p><\/div><div class=\" col-lg-6 col-md-6 col-sm-6\">\u00a0<\/div><\/div>\t\t\t\t\t\t\t\t<\/div>\n\t\t\t\t<\/div>\n\t\t\t\t<\/div>\n\t\t\t\t<\/div>\n\t\t\t\t<\/div>\n\t\t\t\t\t<\/div>\n\t\t\t\t<\/div>\n\t\t<div class=\"elementor-element elementor-element-8524fd9 e-flex e-con-boxed e-con e-parent\" data-id=\"8524fd9\" data-element_type=\"container\" data-e-type=\"container\" id=\"Okoljska-odgovornost\" data-settings=\"{&quot;background_background&quot;:&quot;video&quot;,&quot;background_video_link&quot;:&quot;https:\\\/\\\/kobra.si\\\/wp-content\\\/uploads\\\/2024\\\/07\\\/skrb_za_okolje.mp4&quot;,&quot;background_video_start&quot;:0,&quot;background_video_end&quot;:1500,&quot;background_play_on_mobile&quot;:&quot;yes&quot;}\">\n\t\t\t\t\t<div class=\"e-con-inner\">\n\t\t<div class=\"elementor-background-video-container\">\n\t\t\t\t\t\t\t<video class=\"elementor-background-video-hosted\" role=\"presentation\" autoplay muted playsinline loop><\/video>\n\t\t\t\t\t<\/div><div class=\"elementor-element elementor-element-b3779a5 e-con-full e-flex e-con e-child\" data-id=\"b3779a5\" data-element_type=\"container\" data-e-type=\"container\">\n\t\t\t\t<div class=\"elementor-element elementor-element-c458d99 elementor-widget elementor-widget-heading\" data-id=\"c458d99\" data-element_type=\"widget\" data-e-type=\"widget\" data-widget_type=\"heading.default\">\n\t\t\t\t<div class=\"elementor-widget-container\">\n\t\t\t\t\t<h2 class=\"elementor-heading-title elementor-size-default\">Okoljska odgovornost z uporabo obnovljivih virov energije\n<\/h2>\t\t\t\t<\/div>\n\t\t\t\t<\/div>\n\t\t\t\t<div class=\"elementor-element elementor-element-c774fd0 elementor-widget__width-initial elementor-widget elementor-widget-text-editor\" data-id=\"c774fd0\" data-element_type=\"widget\" data-e-type=\"widget\" data-widget_type=\"text-editor.default\">\n\t\t\t\t<div class=\"elementor-widget-container\">\n\t\t\t\t\t\t\t\t\t<p>V podjetju Kobra z odgovornostjo do okolja mislimo resno. Na\u0161e vrednote se najbolje izra\u017eajo v poslovni stavbi Kobra, ki je vzor\u010dni primer okolju prijazne gradnje, ter tudi v odnosu do zaposlenih, \u0161e zlasti do najbolj ranljivih skupin.<\/p>\t\t\t\t\t\t\t\t<\/div>\n\t\t\t\t<\/div>\n\t\t\t\t<\/div>\n\t\t\t\t\t<\/div>\n\t\t\t\t<\/div>\n\t\t<div class=\"elementor-element elementor-element-79dec9df e-flex e-con-boxed e-con e-child\" data-id=\"79dec9df\" data-element_type=\"container\" data-e-type=\"container\">\n\t\t\t\t\t<div class=\"e-con-inner\">\n\t\t<div class=\"elementor-element elementor-element-6fca88f2 e-con-full e-flex e-con e-child\" data-id=\"6fca88f2\" data-element_type=\"container\" data-e-type=\"container\">\n\t\t<div class=\"elementor-element elementor-element-b98a446 e-con-full e-flex e-con e-child\" data-id=\"b98a446\" data-element_type=\"container\" data-e-type=\"container\">\n\t\t\t\t<div class=\"elementor-element elementor-element-6ddc137b elementor-widget elementor-widget-image\" data-id=\"6ddc137b\" data-element_type=\"widget\" data-e-type=\"widget\" data-widget_type=\"image.default\">\n\t\t\t\t<div class=\"elementor-widget-container\">\n\t\t\t\t\t\t\t\t\t\t\t\t\t\t\t<img loading=\"lazy\" decoding=\"async\" width=\"566\" height=\"371\" src=\"https:\/\/kobra.si\/wp-content\/uploads\/2024\/07\/energy.jpg\" class=\"attachment-large size-large wp-image-287\" alt=\"#Kobra#-#prostori#-#soncaelektrarna#.webp\" srcset=\"https:\/\/kobra.si\/wp-content\/uploads\/2024\/07\/energy.jpg 566w, https:\/\/kobra.si\/wp-content\/uploads\/2024\/07\/energy-150x98.jpg 150w, https:\/\/kobra.si\/wp-content\/uploads\/2024\/07\/energy-300x197.jpg 300w\" sizes=\"(max-width: 566px) 100vw, 566px\" title=\"\">\t\t\t\t\t\t\t\t\t\t\t\t\t\t\t<\/div>\n\t\t\t\t<\/div>\n\t\t\t\t<\/div>\n\t\t<div class=\"elementor-element elementor-element-18a28fd e-con-full e-flex e-con e-child\" data-id=\"18a28fd\" data-element_type=\"container\" data-e-type=\"container\">\n\t\t\t\t<div class=\"elementor-element elementor-element-1bbd4ba1 elementor-widget elementor-widget-heading\" data-id=\"1bbd4ba1\" data-element_type=\"widget\" data-e-type=\"widget\" data-widget_type=\"heading.default\">\n\t\t\t\t<div class=\"elementor-widget-container\">\n\t\t\t\t\t<h3 class=\"elementor-heading-title elementor-size-default\">Proizvedemo ve\u010d energije, kot jo porabimo<\/h3>\t\t\t\t<\/div>\n\t\t\t\t<\/div>\n\t\t\t\t<div class=\"elementor-element elementor-element-436676d6 elementor-widget elementor-widget-text-editor\" data-id=\"436676d6\" data-element_type=\"widget\" data-e-type=\"widget\" data-widget_type=\"text-editor.default\">\n\t\t\t\t<div class=\"elementor-widget-container\">\n\t\t\t\t\t\t\t\t\t<p>S postavitvijo fotovoltai\u010dne elektrarne na strehi objekta in nadstre\u0161nici za avtomobile je zagotovljena tudi proizvodnja lastne elektri\u010dne energije.Vsi obnovljivi viri energije so med seboj hidravli\u010dno povezani prek reverzibilne toplotne \u010drpalke, ki poleg ogrevanja objekta in sanitarne vode omogo\u010da pasivno in aktivno hlajenje objekta.<\/p>\t\t\t\t\t\t\t\t<\/div>\n\t\t\t\t<\/div>\n\t\t\t\t<\/div>\n\t\t\t\t<\/div>\n\t\t<div class=\"elementor-element elementor-element-f3ae93d e-con-full e-flex e-con e-child\" data-id=\"f3ae93d\" data-element_type=\"container\" data-e-type=\"container\">\n\t\t<div class=\"elementor-element elementor-element-f9ed4a1 e-con-full e-flex e-con e-child\" data-id=\"f9ed4a1\" data-element_type=\"container\" data-e-type=\"container\">\n\t\t\t\t<div class=\"elementor-element elementor-element-d78e3c6 elementor-widget elementor-widget-heading\" data-id=\"d78e3c6\" data-element_type=\"widget\" data-e-type=\"widget\" data-widget_type=\"heading.default\">\n\t\t\t\t<div class=\"elementor-widget-container\">\n\t\t\t\t\t<h3 class=\"elementor-heading-title elementor-size-default\">Za hlajenje in ogrevanje skrbi geotermalna energija\n<\/h3>\t\t\t\t<\/div>\n\t\t\t\t<\/div>\n\t\t\t\t<div class=\"elementor-element elementor-element-1eeeca6 elementor-widget elementor-widget-text-editor\" data-id=\"1eeeca6\" data-element_type=\"widget\" data-e-type=\"widget\" data-widget_type=\"text-editor.default\">\n\t\t\t\t<div class=\"elementor-widget-container\">\n\t\t\t\t\t\t\t\t\t<div class=\"text-left text col-sm-push-6 col-lg-6 col-md-6 col-sm-6\"><p>V vseh prostorih je izveden cevni sistem talnega ogrevanja. V poletnem \u010dasu po istem sistemu kro\u017ei ohlajena voda, ki pripomore k prijetnej\u0161im bivalnim razmeram.<\/p><\/div><div class=\"col-sm-pull-6 col-lg-6 col-md-6 col-sm-6\">\u00a0<\/div>\t\t\t\t\t\t\t\t<\/div>\n\t\t\t\t<\/div>\n\t\t\t\t<\/div>\n\t\t<div class=\"elementor-element elementor-element-ec7e86e e-con-full e-flex e-con e-child\" data-id=\"ec7e86e\" data-element_type=\"container\" data-e-type=\"container\">\n\t\t\t\t<div class=\"elementor-element elementor-element-19765a0 elementor-widget elementor-widget-image\" data-id=\"19765a0\" data-element_type=\"widget\" data-e-type=\"widget\" data-widget_type=\"image.default\">\n\t\t\t\t<div class=\"elementor-widget-container\">\n\t\t\t\t\t\t\t\t\t\t\t\t\t\t\t<img loading=\"lazy\" decoding=\"async\" width=\"585\" height=\"446\" src=\"https:\/\/kobra.si\/wp-content\/uploads\/2024\/07\/cooling.jpg\" class=\"attachment-large size-large wp-image-285\" alt=\"#Kobra#-#prostori#-#centralni sistem#.jpeg\" srcset=\"https:\/\/kobra.si\/wp-content\/uploads\/2024\/07\/cooling.jpg 585w, https:\/\/kobra.si\/wp-content\/uploads\/2024\/07\/cooling-150x114.jpg 150w, https:\/\/kobra.si\/wp-content\/uploads\/2024\/07\/cooling-300x229.jpg 300w\" sizes=\"(max-width: 585px) 100vw, 585px\" title=\"\">\t\t\t\t\t\t\t\t\t\t\t\t\t\t\t<\/div>\n\t\t\t\t<\/div>\n\t\t\t\t<\/div>\n\t\t\t\t<\/div>\n\t\t<div class=\"elementor-element elementor-element-aeed984 e-con-full e-flex e-con e-child\" data-id=\"aeed984\" data-element_type=\"container\" data-e-type=\"container\">\n\t\t<div class=\"elementor-element elementor-element-dcb6108 e-con-full e-flex e-con e-child\" data-id=\"dcb6108\" data-element_type=\"container\" data-e-type=\"container\">\n\t\t\t\t<div class=\"elementor-element elementor-element-c02b796 elementor-widget elementor-widget-image\" data-id=\"c02b796\" data-element_type=\"widget\" data-e-type=\"widget\" data-widget_type=\"image.default\">\n\t\t\t\t<div class=\"elementor-widget-container\">\n\t\t\t\t\t\t\t\t\t\t\t\t\t\t\t<img loading=\"lazy\" decoding=\"async\" width=\"719\" height=\"524\" src=\"https:\/\/kobra.si\/wp-content\/uploads\/2024\/07\/prezracevalnik.jpg\" class=\"attachment-large size-large wp-image-262\" alt=\"#Kobra#-#spletna stran#-#prezracevanje#.jpeg\" srcset=\"https:\/\/kobra.si\/wp-content\/uploads\/2024\/07\/prezracevalnik.jpg 719w, https:\/\/kobra.si\/wp-content\/uploads\/2024\/07\/prezracevalnik-150x109.jpg 150w, https:\/\/kobra.si\/wp-content\/uploads\/2024\/07\/prezracevalnik-600x437.jpg 600w, https:\/\/kobra.si\/wp-content\/uploads\/2024\/07\/prezracevalnik-300x219.jpg 300w\" sizes=\"(max-width: 719px) 100vw, 719px\" title=\"\">\t\t\t\t\t\t\t\t\t\t\t\t\t\t\t<\/div>\n\t\t\t\t<\/div>\n\t\t\t\t<\/div>\n\t\t<div class=\"elementor-element elementor-element-bc912d4 e-con-full e-flex e-con e-child\" data-id=\"bc912d4\" data-element_type=\"container\" data-e-type=\"container\">\n\t\t\t\t<div class=\"elementor-element elementor-element-6d87582 elementor-widget elementor-widget-heading\" data-id=\"6d87582\" data-element_type=\"widget\" data-e-type=\"widget\" data-widget_type=\"heading.default\">\n\t\t\t\t<div class=\"elementor-widget-container\">\n\t\t\t\t\t<h3 class=\"elementor-heading-title elementor-size-default\">Za sve\u017eino skrbi zemeljski prezra\u010devalnik<\/h3>\t\t\t\t<\/div>\n\t\t\t\t<\/div>\n\t\t\t\t<div class=\"elementor-element elementor-element-bb3872d elementor-widget elementor-widget-text-editor\" data-id=\"bb3872d\" data-element_type=\"widget\" data-e-type=\"widget\" data-widget_type=\"text-editor.default\">\n\t\t\t\t<div class=\"elementor-widget-container\">\n\t\t\t\t\t\t\t\t\t<div class=\"text-right text col-lg-6 col-md-6 col-sm-6\"><p>Sve\u017e zrak vstopa skozi skupni zemeljski prezra\u010devalnik. Na poti do objekta se zrak pozimi delno ogreje, poleti pa delno ohladi. Nato se \u0161e dodatno pre\u010disti in toplotno obdela v prezra\u010devalni napravi z visoko u\u010dinkovito rekuperacijsko, grelno in hladilno enoto.<\/p><\/div><div class=\" col-lg-6 col-md-6 col-sm-6\">\u00a0<\/div>\t\t\t\t\t\t\t\t<\/div>\n\t\t\t\t<\/div>\n\t\t\t\t<\/div>\n\t\t\t\t<\/div>\n\t\t<div class=\"elementor-element elementor-element-8b8466d e-con-full e-flex e-con e-child\" data-id=\"8b8466d\" data-element_type=\"container\" data-e-type=\"container\">\n\t\t<div class=\"elementor-element elementor-element-1f83afd e-con-full e-flex e-con e-child\" data-id=\"1f83afd\" data-element_type=\"container\" data-e-type=\"container\">\n\t\t\t\t<div class=\"elementor-element elementor-element-85bb962 elementor-widget elementor-widget-heading\" data-id=\"85bb962\" data-element_type=\"widget\" data-e-type=\"widget\" data-widget_type=\"heading.default\">\n\t\t\t\t<div class=\"elementor-widget-container\">\n\t\t\t\t\t<h3 class=\"elementor-heading-title elementor-size-default\">De\u017eevnica nadome\u0161\u010da komunalno vodo v toaletnih prostorih in pri zalivanju zelenic\n<\/h3>\t\t\t\t<\/div>\n\t\t\t\t<\/div>\n\t\t\t\t<div class=\"elementor-element elementor-element-2cb7276 elementor-widget elementor-widget-text-editor\" data-id=\"2cb7276\" data-element_type=\"widget\" data-e-type=\"widget\" data-widget_type=\"text-editor.default\">\n\t\t\t\t<div class=\"elementor-widget-container\">\n\t\t\t\t\t\t\t\t\t<div class=\"text-left text col-sm-push-6 col-lg-6 col-md-6 col-sm-6\"><div class=\"text-left last text col-sm-push-6 col-lg-6 col-md-6 col-sm-6\"><p>Blizu objekta je podzemni rezervoar z de\u017eevnico s hidroforno postajo, ki nadome\u0161\u010da porabo komunalne vode v toaletnih prostorih in se uporablja za zalivanje zelenic.<\/p><\/div><div class=\"last col-sm-pull-6 col-lg-6 col-md-6 col-sm-6\">\u00a0<\/div><\/div>\t\t\t\t\t\t\t\t<\/div>\n\t\t\t\t<\/div>\n\t\t\t\t<\/div>\n\t\t<div class=\"elementor-element elementor-element-1839376 e-con-full e-flex e-con e-child\" data-id=\"1839376\" data-element_type=\"container\" data-e-type=\"container\">\n\t\t\t\t<div class=\"elementor-element elementor-element-2d1afe3 elementor-widget elementor-widget-image\" data-id=\"2d1afe3\" data-element_type=\"widget\" data-e-type=\"widget\" data-widget_type=\"image.default\">\n\t\t\t\t<div class=\"elementor-widget-container\">\n\t\t\t\t\t\t\t\t\t\t\t\t\t\t\t<img loading=\"lazy\" decoding=\"async\" width=\"602\" height=\"402\" src=\"https:\/\/kobra.si\/wp-content\/uploads\/2024\/07\/rain.jpg\" class=\"attachment-large size-large wp-image-300\" alt=\"rain\" srcset=\"https:\/\/kobra.si\/wp-content\/uploads\/2024\/07\/rain.jpg 602w, https:\/\/kobra.si\/wp-content\/uploads\/2024\/07\/rain-150x100.jpg 150w, https:\/\/kobra.si\/wp-content\/uploads\/2024\/07\/rain-600x401.jpg 600w, https:\/\/kobra.si\/wp-content\/uploads\/2024\/07\/rain-300x200.jpg 300w\" sizes=\"(max-width: 602px) 100vw, 602px\" title=\"\">\t\t\t\t\t\t\t\t\t\t\t\t\t\t\t<\/div>\n\t\t\t\t<\/div>\n\t\t\t\t<\/div>\n\t\t\t\t<\/div>\n\t\t\t\t\t<\/div>\n\t\t\t\t<\/div>\n\t\t<div class=\"elementor-element elementor-element-1469001 e-con-full e-flex e-con e-parent\" data-id=\"1469001\" data-element_type=\"container\" data-e-type=\"container\">\n\t\t<div class=\"elementor-element elementor-element-d413eab e-con-full e-flex e-con e-child\" data-id=\"d413eab\" data-element_type=\"container\" data-e-type=\"container\">\n\t\t\t\t<div class=\"elementor-element elementor-element-4f9cb85 elementor-widget elementor-widget-heading\" data-id=\"4f9cb85\" data-element_type=\"widget\" data-e-type=\"widget\" data-widget_type=\"heading.default\">\n\t\t\t\t<div class=\"elementor-widget-container\">\n\t\t\t\t\t<h2 class=\"elementor-heading-title elementor-size-default\">Okoljska odgovornost z ravnanjem z odpadno opremo<\/h2>\t\t\t\t<\/div>\n\t\t\t\t<\/div>\n\t\t\t\t<div class=\"elementor-element elementor-element-92ff6e1 elementor-widget elementor-widget-heading\" data-id=\"92ff6e1\" data-element_type=\"widget\" data-e-type=\"widget\" data-widget_type=\"heading.default\">\n\t\t\t\t<div class=\"elementor-widget-container\">\n\t\t\t\t\t<h3 class=\"elementor-heading-title elementor-size-default\">Odpadna elektri\u010dna in elektronska oprema (OEEO) ter odpadne baterije in akumulatorji so zaradi svoje sestave in vsebnosti nevarnih sestavin posebna vrsta odpadkov, zato se ne smejo odlagati med me\u0161ane komunalne odpadke, temve\u010d jih je treba shraniti lo\u010deno od drugih vrst odpadkov.<\/h3>\t\t\t\t<\/div>\n\t\t\t\t<\/div>\n\t\t\t\t<div class=\"elementor-element elementor-element-9f86450 elementor-widget elementor-widget-text-editor\" data-id=\"9f86450\" data-element_type=\"widget\" data-e-type=\"widget\" data-widget_type=\"text-editor.default\">\n\t\t\t\t<div class=\"elementor-widget-container\">\n\t\t\t\t\t\t\t\t\t<div class=\"columnIsWide text col-lg-6 col-md-6 col-sm-6\"><div class=\"col-content\"><p>V podjetju po na\u010delu proizvajal\u010deve odgovornosti svoje obveznosti, ki izhajajo iz evropskih direktiv, izvajamo v okviru skupnih na\u010drtov ravnanja z OEEO ter odpadnimi baterijami in akumulatorji podjetja TRIGANA, d.o.o. Odslu\u017eeno elektri\u010dno in elektronsko opremo nam lahko oddate neposredno ob nakupu podobnega izdelka. Odpadne baterije in akumulatorje lahko oddate tudi brez obveznosti ponovnega nakupa. Oddaja je mogo\u010da na posebnih zbirnih mestih v okviru lokalne komunalne slu\u017ebe. Na spletni strani www.ozavescen.si si lahko pridobite informacije o recikliranju odpadkov, centrih ponovne uporabe in seznamu zbirnih centrov komunalnih podjetij.<\/p><\/div><\/div><div class=\"columnIsWide image col-lg-6 col-md-6 col-sm-6\"><div class=\"col-content\">\u00a0<\/div><\/div>\t\t\t\t\t\t\t\t<\/div>\n\t\t\t\t<\/div>\n\t\t\t\t<\/div>\n\t\t<div class=\"elementor-element elementor-element-3d704bf e-con-full e-flex e-con e-child\" data-id=\"3d704bf\" data-element_type=\"container\" data-e-type=\"container\" data-settings=\"{&quot;background_background&quot;:&quot;classic&quot;}\">\n\t\t\t\t<div class=\"elementor-element elementor-element-8b081ed elementor-widget elementor-widget-image\" data-id=\"8b081ed\" data-element_type=\"widget\" data-e-type=\"widget\" data-widget_type=\"image.default\">\n\t\t\t\t<div class=\"elementor-widget-container\">\n\t\t\t\t\t\t\t\t\t\t\t\t\t\t\t<img loading=\"lazy\" decoding=\"async\" width=\"800\" height=\"764\" src=\"https:\/\/kobra.si\/wp-content\/uploads\/2024\/07\/Kobra_recycle.jpg\" class=\"attachment-full size-full wp-image-293\" alt=\"Kobra_recycle\" srcset=\"https:\/\/kobra.si\/wp-content\/uploads\/2024\/07\/Kobra_recycle.jpg 800w, https:\/\/kobra.si\/wp-content\/uploads\/2024\/07\/Kobra_recycle-150x143.jpg 150w, https:\/\/kobra.si\/wp-content\/uploads\/2024\/07\/Kobra_recycle-600x573.jpg 600w, https:\/\/kobra.si\/wp-content\/uploads\/2024\/07\/Kobra_recycle-300x287.jpg 300w, https:\/\/kobra.si\/wp-content\/uploads\/2024\/07\/Kobra_recycle-768x733.jpg 768w\" sizes=\"(max-width: 800px) 100vw, 800px\" title=\"\">\t\t\t\t\t\t\t\t\t\t\t\t\t\t\t<\/div>\n\t\t\t\t<\/div>\n\t\t\t\t<div class=\"elementor-element elementor-element-dbba9bd elementor-absolute elementor-widget elementor-widget-image\" data-id=\"dbba9bd\" data-element_type=\"widget\" data-e-type=\"widget\" data-settings=\"{&quot;_position&quot;:&quot;absolute&quot;}\" data-widget_type=\"image.default\">\n\t\t\t\t<div class=\"elementor-widget-container\">\n\t\t\t\t\t\t\t\t\t\t\t\t\t\t\t<img loading=\"lazy\" decoding=\"async\" width=\"139\" height=\"60\" src=\"https:\/\/kobra.si\/wp-content\/uploads\/2024\/07\/ozavescen-logo.png\" class=\"attachment-large size-large wp-image-24\" alt=\"#Kobra#-#spletna stran#-#logo ozavescen#.jpeg\" sizes=\"\" title=\"\">\t\t\t\t\t\t\t\t\t\t\t\t\t\t\t<\/div>\n\t\t\t\t<\/div>\n\t\t\t\t<\/div>\n\t\t\t\t<\/div>\n\t\t<div class=\"elementor-element elementor-element-a0a37f2 e-flex e-con-boxed e-con e-parent\" data-id=\"a0a37f2\" data-element_type=\"container\" data-e-type=\"container\">\n\t\t\t\t\t<div class=\"e-con-inner\">\n\t\t\t\t<div class=\"elementor-element elementor-element-394d9db elementor-widget elementor-widget-heading\" data-id=\"394d9db\" data-element_type=\"widget\" data-e-type=\"widget\" data-widget_type=\"heading.default\">\n\t\t\t\t<div class=\"elementor-widget-container\">\n\t\t\t\t\t<h2 class=\"elementor-heading-title elementor-size-default\">Dru\u017ebena odgovornost z zaposlovanjem ranljivih skupin\n<\/h2>\t\t\t\t<\/div>\n\t\t\t\t<\/div>\n\t\t\t\t<div class=\"elementor-element elementor-element-54ce0c1 elementor-widget elementor-widget-heading\" data-id=\"54ce0c1\" data-element_type=\"widget\" data-e-type=\"widget\" data-widget_type=\"heading.default\">\n\t\t\t\t<div class=\"elementor-widget-container\">\n\t\t\t\t\t<h3 class=\"elementor-heading-title elementor-size-default\">Zaposlitev ima pomembno vlogo pri doseganju socialne vklju\u010denosti ranljivih skupin.<\/h3>\t\t\t\t<\/div>\n\t\t\t\t<\/div>\n\t\t\t\t<div class=\"elementor-element elementor-element-c62f5d4 elementor-widget elementor-widget-text-editor\" data-id=\"c62f5d4\" data-element_type=\"widget\" data-e-type=\"widget\" data-widget_type=\"text-editor.default\">\n\t\t\t\t<div class=\"elementor-widget-container\">\n\t\t\t\t\t\t\t\t\t<p>S statusom invalidskega podjetja zagotavljamo enake mo\u017enosti in enako obravnavo vseh zaposlenih ter tako prispevamo k bolj\u0161emu \u017eivljenju invalidov posameznikov, lokalnega okolja in dru\u017ebe v celoti. Dele\u017e zaposlenih invalidov v podjetju \u0161teje 50 % vseh zaposlenih.<\/p>\t\t\t\t\t\t\t\t<\/div>\n\t\t\t\t<\/div>\n\t\t\t\t\t<\/div>\n\t\t\t\t<\/div>\n\t\t<div class=\"elementor-element elementor-element-64ff81f e-con-full e-flex e-con e-parent\" data-id=\"64ff81f\" data-element_type=\"container\" data-e-type=\"container\" data-settings=\"{&quot;background_background&quot;:&quot;classic&quot;}\">\n\t\t<div class=\"elementor-element elementor-element-255bdf0 e-con-full e-flex e-con e-child\" data-id=\"255bdf0\" data-element_type=\"container\" data-e-type=\"container\">\n\t\t\t\t<div class=\"elementor-element elementor-element-9508d92 elementor-widget elementor-widget-heading\" data-id=\"9508d92\" data-element_type=\"widget\" data-e-type=\"widget\" data-widget_type=\"heading.default\">\n\t\t\t\t<div class=\"elementor-widget-container\">\n\t\t\t\t\t<h2 class=\"elementor-heading-title elementor-size-default\">Dru\u017ebena odgovornost z nakupom defibrilatorja\n<br>Srcu prijazno podjetje<\/h2>\t\t\t\t<\/div>\n\t\t\t\t<\/div>\n\t\t\t\t<div class=\"elementor-element elementor-element-9cc982c elementor-widget elementor-widget-heading\" data-id=\"9cc982c\" data-element_type=\"widget\" data-e-type=\"widget\" data-widget_type=\"heading.default\">\n\t\t\t\t<div class=\"elementor-widget-container\">\n\t\t\t\t\t<h3 class=\"elementor-heading-title elementor-size-default\">Srcu prijazni tudi mi. Srcu prijazno podjetje je projekt, katerega namen je povezati zaposlene, podjetja in krajane ter jih spodbuditi k medsebojni pomo\u010di ob nezgodah ali nenadnem zastoju srca.<\/h3>\t\t\t\t<\/div>\n\t\t\t\t<\/div>\n\t\t\t\t<div class=\"elementor-element elementor-element-f9a24da elementor-widget elementor-widget-text-editor\" data-id=\"f9a24da\" data-element_type=\"widget\" data-e-type=\"widget\" data-widget_type=\"text-editor.default\">\n\t\t\t\t<div class=\"elementor-widget-container\">\n\t\t\t\t\t\t\t\t\t<p>Z vklju\u010ditvijo v projekt in pridobitvijo certifikata Srcu prijazno podjetje \u017eelimo izbolj\u0161ati varnost zaposlenih, njihovih dru\u017einskih \u010dlanov, poslovnih partnerjev in prebivalcev obmo\u010dja. Z nakupom aparata za o\u017eivljanje (AED-defibrilator) in uporabo aplikacije iHELP na pametnih mobilnih telefonih lahko prispevamo k zmanj\u0161anju umrljivosti zaradi zastoja srca ter hudih posledic invalidnosti zaposlenih in prebivalcev na na\u0161em obmo\u010dju.<\/p>\t\t\t\t\t\t\t\t<\/div>\n\t\t\t\t<\/div>\n\t\t\t\t<\/div>\n\t\t<div class=\"elementor-element elementor-element-002db68 e-con-full e-flex e-con e-child\" data-id=\"002db68\" data-element_type=\"container\" data-e-type=\"container\">\n\t\t\t\t<div class=\"elementor-element elementor-element-1abd6db elementor-absolute elementor-widget elementor-widget-image\" data-id=\"1abd6db\" data-element_type=\"widget\" data-e-type=\"widget\" data-settings=\"{&quot;_position&quot;:&quot;absolute&quot;}\" data-widget_type=\"image.default\">\n\t\t\t\t<div class=\"elementor-widget-container\">\n\t\t\t\t\t\t\t\t\t\t\t\t\t\t\t<img loading=\"lazy\" decoding=\"async\" width=\"140\" height=\"60\" src=\"https:\/\/kobra.si\/wp-content\/uploads\/2024\/07\/heart-logo.png\" class=\"attachment-medium size-medium wp-image-17\" alt=\"#Kobra#-#spletna stran#-#logo srcu prijazno podjetje#.png\" sizes=\"\" title=\"\">\t\t\t\t\t\t\t\t\t\t\t\t\t\t\t<\/div>\n\t\t\t\t<\/div>\n\t\t\t\t<div class=\"elementor-element elementor-element-9ac3df5 elementor-widget elementor-widget-image\" data-id=\"9ac3df5\" data-element_type=\"widget\" data-e-type=\"widget\" data-widget_type=\"image.default\">\n\t\t\t\t<div class=\"elementor-widget-container\">\n\t\t\t\t\t\t\t\t\t\t\t\t\t\t\t<img loading=\"lazy\" decoding=\"async\" width=\"900\" height=\"874\" src=\"https:\/\/kobra.si\/wp-content\/uploads\/2024\/07\/Defibrilator.png\" class=\"attachment-large size-large wp-image-224\" alt=\"#Kobra#-#produkt#-#defibilator#.png\" srcset=\"https:\/\/kobra.si\/wp-content\/uploads\/2024\/07\/Defibrilator.png 900w, https:\/\/kobra.si\/wp-content\/uploads\/2024\/07\/Defibrilator-150x146.png 150w, https:\/\/kobra.si\/wp-content\/uploads\/2024\/07\/Defibrilator-800x777.png 800w, https:\/\/kobra.si\/wp-content\/uploads\/2024\/07\/Defibrilator-300x291.png 300w, https:\/\/kobra.si\/wp-content\/uploads\/2024\/07\/Defibrilator-768x746.png 768w\" sizes=\"(max-width: 900px) 100vw, 900px\" title=\"\">\t\t\t\t\t\t\t\t\t\t\t\t\t\t\t<\/div>\n\t\t\t\t<\/div>\n\t\t\t\t<\/div>\n\t\t\t\t<\/div>\n\t\t\t\t<\/div>\n\t\t","protected":false},"excerpt":{"rendered":"<p>Predstavitev podjetja Ponujamo kakovostne in zanesljive telekomunikacijske storitve in izdelke. Razvijamo tudi lastne blagovne znamke, ki temeljijo na uporabnosti, enostavnem upravljanju na daljavo in brez\u017ei\u010dnosti. Smo poobla\u0161\u010deni prodajalec Telekoma Slovenije. Telekomunikacijske storitve Izdelki Kobra Storitve Kobra Trgovina 2020 Podjetje prenovi poslovalnico po celostni grafi\u010dni podobi Telekoma Slovenije. 2011 Podjetje se preseli na novo lokacijo v [&hellip;]<\/p>\n","protected":false},"author":2,"featured_media":0,"parent":0,"menu_order":0,"comment_status":"closed","ping_status":"closed","template":"template-canvas.php","meta":{"_monsterinsights_skip_tracking":false,"_monsterinsights_sitenote_active":false,"_monsterinsights_sitenote_note":"","_monsterinsights_sitenote_category":0,"footnotes":""},"class_list":["post-7305","page","type-page","status-publish","hentry"],"jetpack_sharing_enabled":true,"_links":{"self":[{"href":"https:\/\/kobra.si\/en\/wp-json\/wp\/v2\/pages\/7305","targetHints":{"allow":["GET"]}}],"collection":[{"href":"https:\/\/kobra.si\/en\/wp-json\/wp\/v2\/pages"}],"about":[{"href":"https:\/\/kobra.si\/en\/wp-json\/wp\/v2\/types\/page"}],"author":[{"embeddable":true,"href":"https:\/\/kobra.si\/en\/wp-json\/wp\/v2\/users\/2"}],"replies":[{"embeddable":true,"href":"https:\/\/kobra.si\/en\/wp-json\/wp\/v2\/comments?post=7305"}],"version-history":[{"count":118,"href":"https:\/\/kobra.si\/en\/wp-json\/wp\/v2\/pages\/7305\/revisions"}],"predecessor-version":[{"id":29787,"href":"https:\/\/kobra.si\/en\/wp-json\/wp\/v2\/pages\/7305\/revisions\/29787"}],"wp:attachment":[{"href":"https:\/\/kobra.si\/en\/wp-json\/wp\/v2\/media?parent=7305"}],"curies":[{"name":"wp","href":"https:\/\/api.w.org\/{rel}","templated":true}]}}